{"id":62,"date":"2017-01-31T20:12:14","date_gmt":"2017-01-31T19:12:14","guid":{"rendered":"http:\/\/xonit.eu\/utwswce\/?page_id=62"},"modified":"2023-08-09T13:49:06","modified_gmt":"2023-08-09T11:49:06","slug":"o-nas","status":"publish","type":"page","link":"http:\/\/xonit.eu\/utwswce\/o-nas\/","title":{"rendered":"O nas"},"content":{"rendered":"\n<p><strong>Cynowa Rocznica<\/strong><\/p>\n\n\n\n<p>Lubimy obchodzi\u0107 r\u00f3\u017cne rocznice, szczeg\u00f3lnie za\u015b, gdy jubilatami s\u0105 osoby lub instytucje nam mi\u0142e. Tak jest tak\u017ce w tej sytuacji, gdy swe 10-lecie fetuje \u015bwi\u0119toch\u0142owicki Uniwersytet Trzeciego Wieku. Taka rocznica zwana jest cynow\u0105 lub aluminiow\u0105. Spr\u00f3bujmy zatem przypomnie\u0107 najwa\u017cniejsze fakty z tych 10 lat UTW.&nbsp;<\/p>\n\n\n\n<p>Zebranie Za\u0142o\u017cycielskie \u2013 Cz\u0142onk\u00f3w Za\u0142o\u017cycieli, kt\u00f3re powo\u0142a\u0142o Komitet Za\u0142o\u017cycielski w celu podj\u0119cia dzia\u0142a\u0144 maj\u0105cych na celu rejestracj\u0119 stowarzyszenia Uniwersytet Trzeciego Wieku w \u015awi\u0119toch\u0142owicach odby\u0142o si\u0119 5 listopada 2010 roku z inicjatywy stowarzyszenia Aktywni dla \u015awi\u0119toch\u0142owic, kt\u00f3re w swoim programie wyborczym zawar\u0142o obietnic\u0119 utworzenia UTW dla \u015bwi\u0119toch\u0142owickich senior\u00f3w. Na zebraniu, kt\u00f3remu przewodniczy\u0142a Krystyna Rawska, uchwalono statut stowarzyszenia i wybrano jego w\u0142adze: Prezesa Jerzego Migonia i &nbsp;Zarz\u0105d w sk\u0142ad kt\u00f3rego weszli :&nbsp; Adam Graca, Teresa Serafin, Katarzyna Sulska i Czes\u0142awa Tomczyk.Cz\u0142onkami Komisji Rewizyjnej zostali: Stanis\u0142aw Cukierda, Barbara Kapias oraz Irena&nbsp; Marciniak.<\/p>\n\n\n\n<p>Pierwszy protok\u00f3\u0142 z posiedzenia Zarz\u0105du stowarzyszenia&nbsp;&nbsp; nosi dat\u0119 17 stycznia 2011 roku. Zgodnie ze statutem&nbsp; na tym posiedzeniu Zarz\u0105d si\u0119 ukonstytuowa\u0142 .<\/p>\n\n\n\n<p>Wiceprezesem zosta\u0142a&nbsp; Katarzyna Sulska, &nbsp;&nbsp;Sekretarzem Adam Graca, Skarbnikiem \u2013 Czes\u0142awa Tomczyk&nbsp; i Cz\u0142onkiem Zarz\u0105du &nbsp;Teresa Serafin.<\/p>\n\n\n\n<p>Zarz\u0105d ustali\u0142 w\u00f3wczas, \u017ce do os\u00f3b, kt\u00f3re uczestniczy\u0142y w Zebraniu&nbsp; Za\u0142o\u017cycielskim zostanie skierowana ankieta, w celu przedstawienia ich oczekiwa\u0144 co do oferty programowej UTW. Ankieta obejmowa\u0142a szereg zagadnie\u0144. Pytania dotyczy\u0142y mi\u0119dzy&nbsp; innymi typu zaj\u0119\u0107, kt\u00f3re interesowa\u0142yby s\u0142uchaczy najbardziej, a wi\u0119c: wyk\u0142ady, lektoraty, zaj\u0119cia artystyczne zaj\u0119cia prozdrowotne, sport i rekreacja inne. Pytania dotyczy\u0142y tak\u017ce: czasu jaki s\u0142uchacze byliby sk\u0142onni po\u015bwi\u0119ci\u0107 na zaj\u0119cia Uniwersytetu i kwoty, kt\u00f3r\u0105&nbsp; chcieliby przeznaczy\u0107 na&nbsp; udzia\u0142&nbsp; w tych zaj\u0119ciach.<\/p>\n\n\n\n<p>Ankiet\u0119&nbsp; rozpowszechniono&nbsp; za pomoc\u0105&nbsp; \u015awi\u0119toch\u0142owickiego Oddzia\u0142u Zwi\u0105zku Emeryt\u00f3w<\/p>\n\n\n\n<p>i Rencist\u00f3w. Stosownie do otrzymanych informacji Zarz\u0105d opracowa\u0142 program zaj\u0119\u0107 na<\/p>\n\n\n\n<p>I semestr roku akademickiego 2011\/2012 obejmuj\u0105cy r\u00f3\u017cnorodne formy aktywno\u015bci &nbsp;jak cykl wyk\u0142ad\u00f3w &nbsp;z r\u00f3\u017cnych dziedzin nauki, zaj\u0119cia sportowo-lecznicze, nauk\u0119 j\u0119zyk\u00f3w obcych, &nbsp;zaj\u0119cia z informatyki, spotkania literackie. Wyk\u0142ady odbywa\u0142y si\u0119 w pierwszym semestrze co tydzie\u0144 w \u015brody.<\/p>\n\n\n\n<p>Po &nbsp;rezygnacji Jerzy Migonia z funkcji Prezesa Zarz\u0105du Nadzwyczajne Walne Zgromadzenie Cz\u0142onk\u00f3w w dniu &nbsp;6 czerwca 2011 roku dokona\u0142o wyboru Krystyny Rawskiej na Prezesa Zarz\u0105du UTW w \u015awi\u0119tochlowicach.<\/p>\n\n\n\n<p>Z dniem 23 czerwca tego roku stowarzyszenie zosta\u0142o wpisane do Krajowego Rejestru S\u0105dowego pod KRS 389495, a &nbsp;dnia 20 wrze\u015bnia 2011 NWZ uchwali\u0142o przyst\u0105pienie stowarzyszenia &nbsp;do Og\u00f3lnopolskiej Federacji Uniwersytet\u00f3w Trzeciego Wieku w Nowym S\u0105czu. Podkre\u015bli\u0107 nale\u017cy, \u017ce z przynale\u017cno\u015bci do Federacji UTW odnosz\u0105 wiele korzy\u015bci, przede wszystkim szeroki program szkoleniowy, umo\u017cliwiaj\u0105cy profesjonalne dzia\u0142ania Uniwersytetu, &nbsp;w tym niezb\u0119dn\u0105 wiedz\u0119 &nbsp;w zakresie pozyskiwania funduszy zewn\u0119trznych, poniewa\u017c UTW utrzymuje si\u0119 g\u0142\u00f3wnie ze sk\u0142adek swoich cz\u0142onk\u00f3w.<\/p>\n\n\n\n<p>Wkr\u00f3tce patronack\u0105 uczelni\u0105 \u015bwi\u0119toch\u0142owickiego UTW zosta\u0142a Akademia Wychowania&nbsp; Fizycznego im. Jerzego Kukuczki w Katowicach<\/p>\n\n\n\n<p>S\u0142uchacze UTW &nbsp;od&nbsp; pocz\u0105tku swojego uczestnictwa w organizacji, postawili na integracj\u0119 i w dniu 2 listopada zorganizowali w restauracji Ska\u0142ka \u201eZaduszkowy wiecz\u00f3r&nbsp; poezji i refleksji\u201d z udzia\u0142em aktorki Teatru im. St. Wyspia\u0144skiego Marii Stokowskiej-Misiurkiewicz, a 7 grudnia odby\u0142 si\u0119 pierwszy op\u0142atek akademicki w \u015bwietlicy Sp\u00f3\u0142dzielni Mieszkaniowej przy ul. Korfantego.<\/p>\n\n\n\n<p>Siedziba biura zosta\u0142a zorganizowana w lokalu wynaj\u0119tym przez Sp\u00f3\u0142dzielni\u0119 Mieszkaniow\u0105 przy ul. Korfantego 1, za zgod\u0105 Rady Nadzorczej Sp\u00f3\u0142dzielni UTW zwolniony zosta\u0142 z cz\u0119\u015bci op\u0142at za u\u017cytkowanie sali \u015bwietlicy osiedlowej, a w\u0142adze samorz\u0105dowe wyrazi\u0142y zgod\u0119 na nieodp\u0142atne korzystanie z pomieszcze\u0144 MDK przy ul. Harcerskiej oraz<br>w ZSO Nr 1 przy ul. Licealnej, gdzie UTW realizowa\u0142 zaplanowane zaj\u0119cia. Dzi\u0119ki przychylno\u015bci dyrekcji Publicznego&nbsp; Zespo\u0142u Szk\u00f3\u0142 Salezja\u0144skich Don Bosco (r\u00f3wnie\u017c nieodp\u0142atnie) studenci UTW korzystali z sali komputerowej oraz pracowni j\u0119zykowych.<\/p>\n\n\n\n<p>Z inicjatywy Zarz\u0105du wyk\u0142ady prowadzili nie tylko profesorowie patronackiej uczelni AWF, ale tak\u017ce znakomici luminarze polskiej sceny naukowej i publicznej.<\/p>\n\n\n\n<p>Podkre\u015bli\u0107 nale\u017cy obecno\u015b\u0107: prof. Ireny Lipowicz &#8211; Rzecznika Praw Obywatelskich,<\/p>\n\n\n\n<p>&nbsp;dr Jana Olbrychta \u2013Eurodeputowaneggo-, prof. Stanis\u0142awa Nicieji -Rektora&nbsp; Uniwersytetu Opolskiego-, prof. &nbsp;Leona Markiewicza z Akademii Muzycznej w Katowicach.<\/p>\n\n\n\n<p>Cz\u0142onkowie Zarz\u0105du: dr Ewa Rodek \u2013 K\u0142y\u015b&nbsp; i mgr Jerzy Migo\u0144, tak\u017ce podj\u0119li trud wyk\u0142adowc\u00f3w i zaprezentowali&nbsp; studentom swoj\u0105 wiedz\u0119 z dziedziny filozofii i geografii.<\/p>\n\n\n\n<p>20 czerwca 2012 roku zako\u0144czono I rok akademicki wsp\u00f3lnoty<\/p>\n\n\n\n<p>akademickiej. W uroczysto\u015bci wzi\u0119li udzia\u0142 przedstawiciele samorz\u0105du: wiceprezydent Aleksandra Skowronek i Przewodnicz\u0105cy Rady Miejskiej&nbsp; \u2013 Marek Palka, grono profesorskie oraz studenci, kt\u00f3rzy w liczbie 76 otrzymali certyfikaty uko\u0144czenia pierwszego roku akademickiego.<\/p>\n\n\n\n<p>Inauguracj\u0119 II roku akademickiego zaszczyci\u0142 swoj\u0105 obecno\u015bci\u0105 Prezes Polskiego Komitetu Olimpijskiego Andrzej Kra\u015bnicki, kt\u00f3rego wyk\u0142ad przybli\u017cy\u0142 histori\u0119 organizacji ruchu olimpijskiego.<\/p>\n\n\n\n<p>Rok 2012 zosta\u0142 ustanowiony uchwa\u0142a Senatu RP Rokiem Uniwersytet\u00f3w Trzeciego Wieku, by\u0142 te\u017c z inspiracji Rady Europy Rokiem Rokiem Aktywno\u015bci Os\u00f3b Starszych oraz integracji mi\u0119dzypokoleniowej. Z tej okazji odby\u0142 si\u0119 w dniach 19-20 marca w Warszawie<\/p>\n\n\n\n<p>I Kongres Seniora w kt\u00f3rym wzi\u0119li udzia\u0142 przedstawiciele \u015bwi\u0119toch\u0142owickiego UTW.<\/p>\n\n\n\n<p>Kolejn\u0105 inauguracj\u0119 roku akademickiego &nbsp;w dniu 9 pa\u017adziernika 2013 roku zaszczyci\u0142a swoj\u0105 obecno\u015bci\u0105 profesor Dorota Simonides, kt\u00f3ra wyg\u0142osi\u0142a wyk\u0142ad o trudnym, ale zarazem barwnym i pe\u0142nym wzajemnej \u017cyczliwo\u015bci \u017cyciu mieszka\u0144c\u00f3w robotniczych osiedli. Pokaza\u0142a d\u0142ug\u0105 i uci\u0105\u017cliw\u0105 drog\u0119 edukacji daj\u0105cej szans\u0119 zaistnienia w \u201einnym \u2013 szerokim \u015bwiecie\u201d na podstawie ksi\u0105\u017cki \u201eSzcz\u0119\u015bcie w gar\u015bci \u2013 czyli z familoka w szeroki \u015bwiat\u201d, za kt\u00f3r\u0105 otrzyma\u0142a presti\u017cow\u0105 nagrod\u0119 historyczn\u0105 Polityki.<\/p>\n\n\n\n<p>W\u015br\u00f3d znakomitych wyk\u0142adowc\u00f3w s\u0142uchacze mieli zaszczyt wys\u0142ucha\u0107 wyk\u0142adu<\/p>\n\n\n\n<p>o <strong>Zas\u0142u\u017conych Luteranach na G\u00f3rnym \u015al\u0105sku w XIX i XX w.<\/strong>,kt\u00f3ry wyg\u0142osi\u0142&nbsp; biskup ko\u015bcio\u0142a ewangelicko-augsburskiego diecezji katowickiej ks. dr Tadeusz Szurman, za\u015b wyk\u0142ad<\/p>\n\n\n\n<p>o finansach publicznych Polski przedstawi\u0142&nbsp; Miros\u0142aw Seku\u0142a, Marsza\u0142ek Wojew\u00f3dztwa \u015al\u0105skiego.<\/p>\n\n\n\n<p>Z kolei prof. Wojciech Kowalski (specjalista prawa mi\u0119dzynarodowego i autorskiego) wyg\u0142osi\u0142 wyk\u0142ad o <strong>odzyskiwaniu dzie\u0142 sztuki zagrabionych w czasie II wojny \u015bwiatowej.<\/strong><\/p>\n\n\n\n<p>11 maja 2013r.&nbsp; \u2013 Uniwersytet wzi\u0105\u0142 po raz pierwszy udzia\u0142 w II Pikniku Organizacji Pozarz\u0105dowych w naszym mie\u015bcie. Podobnie jak inne stowarzyszenia skorzysta\u0142<\/p>\n\n\n\n<p>z mo\u017cliwo\u015bci prezentacji w\u0142asnego dorobku oraz poznania oferty i osi\u0105gni\u0119\u0107 innych organizacji dzia\u0142aj\u0105cych na terenie miasta. Kontynuowa\u0142 uczestnictwo w tych wydarzeniach przez wszystkie lata swojej dzia\u0142alno\u015bci.<\/p>\n\n\n\n<p>18 maja 2013 roku po raz pierwszy nasi s\u0142uchacze wzi\u0119li udzia\u0142 w V Olimpiadzie UTW w \u0141azach, organizowanej przez tamtejszy UTW pod has\u0142em \u201eSeniorzy na start\u201d. Atmosfera sportowej rywalizacji i dobrej zabawy towarzyszy\u0142a kilkudziesi\u0119ciu ekipom, kt\u00f3re spotka\u0142y si\u0119 ju\u017c pi\u0105ty raz nad Zalewem Mitr\u0119ga w \u0141azach.<\/p>\n\n\n\n<p>&nbsp;\u015awi\u0119toch\u0142owicki Uniwersytet&nbsp; &nbsp;zorganizowa\u0142&nbsp; 10 czerwca 2013 roku konferencj\u0119,<\/p>\n\n\n\n<p>w auli Wydzia\u0142u Nauk Spo\u0142ecznych Uniwersytetu \u015al\u0105skiego przy ul. Bankowej<\/p>\n\n\n\n<p>w K\/atowicach. Konferencja adresowana do samorz\u0105d\u00f3w naszego wojew\u00f3dztwa oraz lider\u00f3w ++-zacjach i urz\u0119dach podejmuj\u0105cych dzia\u0142ania na rzecz os\u00f3b starszych, a tak\u017ce zast\u0105pienie okazjonalnych akcji przez planowe, sp\u00f3jne prace, kt\u00f3re pozwalaj\u0105 zmniejszy\u0107 dyskryminacj\u0119 os\u00f3b starszych w \u017cyciu spo\u0142ecznym oraz wykorzysta\u0107 do\u015bwiadczenia &nbsp;os\u00f3b starszych na rzecz spo\u0142eczno\u015bci lokalnej.<\/p>\n\n\n\n<p>Inicjowane by\u0142y tak\u017ce przez \u015bwi\u0119toch\u0142owicki Uniwersytet Trzeciego Wieku projekty<\/p>\n\n\n\n<p>\u201e Seniorzy maluchom\u201d i tak projekt \u201eWakacyjne Spotkanie Pokole\u0144\u201d znalaz\u0142 finansowe wsparcie w\u0142adz samorz\u0105dowych \u2013 dotacj\u0105 w wysoko\u015bci 1000z\u0142 oraz \u017cyczliw\u0105 pomoc organizacyjn\u0105 ze strony plac\u00f3wek o\u015bwiatowych: MDK i Szko\u0142y Podstawowej Nr 4 oraz miejskiego muzeum, a wykonany zosta\u0142 przede wszystkim&nbsp; prac\u0105 wolontariuszy &nbsp;<\/p>\n\n\n\n<p>naszego UTW.<\/p>\n\n\n\n<p>Realizacja nast\u0105pi\u0142a w dniu 23.08.2013r. Gry i zabawy aran\u017cowane przez \u201esenior\u00f3w\u201d UTW spotka\u0142y si\u0119 z doskona\u0142ym przyj\u0119ciem licznie zgromadzonych w MDK-u przedszkolak\u00f3w i m\u0142odzie\u017cy uczestnicz\u0105cej w akcji letniej organizowanej na terenie miasta. Spor\u0105 atrakcj\u0105 dla widowni i prze\u017cyciem dla m\u0142odych aktor\u00f3w&nbsp;ze Szko\u0142y Podstawowej Nr 19&nbsp;by\u0142a zaprezentowana inscenizacja teatralna. Swe zdolno\u015bci muzyczne, recytatorskie&nbsp;&nbsp;&nbsp;&nbsp;&nbsp;&nbsp;&nbsp;&nbsp;&nbsp; i plastyczne m\u00f3g\u0142 sprawdzi\u0107 ka\u017cdy m\u0142ody uczestnik \u201espotkania\u201d. O s\u0142odkie i inne atrakcyjne nagrody zadbali seniorzy \u2013 studenci, kt\u00f3rzy jak to w zwyczaju dziadk\u00f3w i bab\u0107 czytali &nbsp;dzieciakom&nbsp; ulubione przez&nbsp; nich bajki.<\/p>\n\n\n\n<p>\u201eProfesjonalne Uniwersytety III Wieku&nbsp; w Polsce\u201d \u2013&nbsp; to projekt&nbsp; opracowany przez Og\u00f3lnopolsk\u0105 Federacj\u0119&nbsp; Uniwersytet\u00f3w Trzeciego Wieku, kt\u00f3rej&nbsp; UTW jest cz\u0142onkiem; projekt&nbsp; uzyska\u0142 dofinansowanie ze \u015arodk\u00f3w&nbsp; Unii Europejskiej w&nbsp; ramach Europejskiego Funduszu Spo\u0142ecznego. To przedsi\u0119wzi\u0119cie przewidywa\u0142o opracowanie standard\u00f3w dzia\u0142ania Uniwersytet\u00f3w Trzeciego Wieku,&nbsp; ich upowszechnienie w 385 Uniwersytetach &nbsp;w kraju oraz ich wdro\u017cenie&nbsp; w grupie&nbsp; 15 UTW dzia\u0142aj\u0105cych w formie stowarzysze\u0144 lub Fundacji.&nbsp; Opracowano standardy &nbsp;w trzech&nbsp; podstawowych obszarach dzia\u0142alno\u015bci&nbsp; UTW&nbsp; tj.&nbsp; formalno-prawnych ramach funkcjonowania, merytoryczno-organizacyjnych aspektach&nbsp; podejmowanych dzia\u0142a\u0144&nbsp; oraz wsp\u00f3\u0142pracy UTW z innymi podmiotami.<\/p>\n\n\n\n<p>Podkre\u015bli\u0107 nale\u017cy, i\u017c stosowanie standard\u00f3w wed\u0142ug zamys\u0142u autor\u00f3w projektu&nbsp; nie mia\u0142o charakteru&nbsp; obowi\u0105zkowego , a ich&nbsp; wdro\u017cenie&nbsp; i &nbsp;praktykowanie&nbsp; autorzy pozostawili do autonomicznych decyzji w\u0142a\u015bciwych&nbsp; statutowo organ\u00f3w zarz\u0105dzaj\u0105cych dan\u0105 organizacj\u0105.<\/p>\n\n\n\n<p>Jedynie prawno-formalne standardy dzia\u0142ania Uniwersytet\u00f3w Trzeciego Wieku&nbsp; maj\u0105 charakter obligatoryjny i wynikaj\u0105 z powszechnie obowi\u0105zuj\u0105cych przepis\u00f3w prawa w Polsce.<\/p>\n\n\n\n<p>&nbsp;+ &nbsp;w tym celu z\u0142o\u017cy\u0142&nbsp; wniosek do Federacji o rozpocz\u0119cie procedury certyfikacji&nbsp; .<br>Na etapie wdra\u017cania standard\u00f3w korzystaj\u0105c z&nbsp; poradnictwa&nbsp; i szkole\u0144&nbsp; organizowanych&nbsp; bezp\u0142atnie przez&nbsp; Federacj\u0119 UTW przedstawiciele &nbsp;Zarz\u0105du wzi\u0119li udzia\u0142 w szkoleniu przygotowuj\u0105cym &nbsp;do wdro\u017cenia standard\u00f3w, kt\u00f3re odby\u0142o si\u0119 w Starym S\u0105czu, a jego ko\u0144cowym efektem by\u0142o przygotowanie indywidualnego planu&nbsp; wdra\u017cania standard\u00f3w<\/p>\n\n\n\n<p>w praktyk\u0119 dzia\u0142ania &nbsp;UTW.<\/p>\n\n\n\n<p>Rozpocz\u0105\u0142 si\u0119 &nbsp;kilkumiesi\u0119czny, \u017cmudny&nbsp; okres wprowadzania w \u017cycie wymog\u00f3w, kt\u00f3re pozwoli\u0142y &nbsp;osi\u0105gn\u0105\u0107 nale\u017cyt\u0105 sprawno\u015b\u0107 organizacyjn\u0105&nbsp; oraz odpowiedni poziom&nbsp; merytoryczny&nbsp; dzia\u0142alno\u015bci.<\/p>\n\n\n\n<p>Po&nbsp; etapie przygotowuj\u0105cym &nbsp;do certyfikacji z\u0142o\u017cono w Federacji&nbsp; o\u015bwiadczenie o spe\u0142nianiu standard\u00f3w&nbsp; wraz z wnioskiem o nadanie certyfikatu.<\/p>\n\n\n\n<p>W celu weryfikacji&nbsp; spe\u0142nienia &nbsp;ustalonych standard\u00f3w wyznaczono&nbsp; na dzie\u0144 29.06. 2013r. wizyt\u0119&nbsp; Komisji&nbsp; Certyfikuj\u0105cej, kt\u00f3ra&nbsp; sprawdzi\u0142a czy&nbsp; standardy w&nbsp; spos\u00f3b rzetelny<\/p>\n\n\n\n<p>i kompletny zaimplementowano w praktyk\u0119 dzia\u0142ania&nbsp; \u015bwi\u0119toch\u0142owickiego UTW.<\/p>\n\n\n\n<p>W dniu 25.11.2013 r .w Krakowie podczas Ma\u0142opolskiego Forum Rodziny odby\u0142a si\u0119&nbsp; uroczysto\u015b\u0107 wr\u0119czenia&nbsp; Certyfikat\u00f3w&nbsp; 15&nbsp; Uniwersytetom Trzeciego Wieku&nbsp; uczestnikom&nbsp; opisanego projektu pilota\u017cowego. UTW w \u015awi\u0119toch\u0142owicach otrzyma\u0142 Srebrny Certyfikat.<\/p>\n\n\n\n<p>Studenci wyczekiwali rozpocz\u0119cia kolejnego roku akademickiego. Ilo\u015b\u0107 studiuj\u0105cych powi\u0119ksza\u0142a si\u0119, dlatego z rado\u015bci\u0105 oczekiwano inauguracji IV roku akademickiego.<\/p>\n\n\n\n<p>Msz\u0119 \u015bw. w ko\u015bciele \u015bw. Piotra i Paw\u0142a odprawi\u0142 w intencji senior\u00f3w naszego miasta diecezjalny kapelan \u015brodowisk UTW ks. dr Stanis\u0142aw Pucha\u0142a w dniu 5 pa\u017adziernika 2014 roku. W dniu 8 pa\u017adziernika 2014r. odby\u0142a si\u0119 inauguracja roku akademickiego, kt\u00f3r\u0105 u\u015bwietni\u0142 wyk\u0142ad Honorowego Obywatela Miasta \u015awi\u0119toch\u0142owice &#8211; ks. dr sdb Tadeusza Rozmusa. Go\u015b\u0107 przedstawi\u0142 zawi\u0142\u0105 histori\u0119 prze\u015bladowa\u0144 chrze\u015bcijan od rzymskich katakumb po wsp\u00f3\u0142czesno\u015b\u0107.&nbsp; &nbsp;<\/p>\n\n\n\n<p>Dzi\u0119ki staraniom Zarz\u0105du UTW, wyk\u0142ady &nbsp;prowadzili nie tylko &nbsp;profesorowie patronackiej uczelni &#8211; AWF, ale tak\u017ce znakomici profesorowie innych krajowych uczelni, w\u015br\u00f3d kt\u00f3rych warto podkre\u015bli\u0107 obecno\u015b\u0107: prof. zw. dr n. med. Jana Grzesika , kt\u00f3ry wnikliwie przedstawia\u0142&nbsp; wiele zagadnie\u0144 z zakresu medycyny, fizyki j\u0105drowej i innych,<\/p>\n\n\n\n<p>prof. Juliana&nbsp; Gembalskiego, rektora Akademii Muzycznej w latach 1996-2002 , za\u0142o\u017cyciela &nbsp;pierwszego w Europie \u015arodkowo-Wschodniej&nbsp; muzeum organ\u00f3w, historyka &#8211; prof. Wies\u0142awa Kaczanowicza U\u015a &#8211;&nbsp; \u015bwi\u0119toch\u0142owiczanina . prof. Grzegorza Opali, kt\u00f3ry wyg\u0142osi\u0142 wyk\u0142ad : &nbsp;<strong>\u201e<\/strong><strong>Starzenie spo\u0142ecze\u0144stw, a choroby m\u00f3zgu\u201d,<\/strong><strong> <\/strong>dr n. przyr. Piotra Szilmana&nbsp; ze \u015al\u0105skiej&nbsp; Akademii Medycznej, kt\u00f3ry dzieli\u0142 si\u0119 praktyczn\u0105 wiedz\u0105 z zakresu parazytologii.<\/p>\n\n\n\n<p><strong>11 kwietnia roku 2014<\/strong><strong> <\/strong><strong>liderzy \u015al\u0105skich Uniwersytet\u00f3w Trzeciego Wieku spotkali si\u0119<br>w \u015awi\u0119toch\u0142owicach na zaproszenie &nbsp;UTW, kt\u00f3ry by\u0142 organizatorem \u015al\u0105skiego Forum UTW.<\/strong><strong> <\/strong><strong>W wydarzeniu udzia\u0142 wzi\u0119\u0142y 32 Uniwersytety, a tak\u017ce Prezes Og\u00f3lnopolskiej Federacji UTW z Nowego S\u0105cza &#8211; Wies\u0142awa Borczyk. <\/strong><strong><\/strong><\/p>\n\n\n\n<p>&nbsp;24 maja 2014 roku s\u0142uchacze wzi\u0119li udzia\u0142 po raz drugi w VI Olimpiadzie UTW &nbsp;&nbsp;&nbsp;&nbsp;&nbsp;&nbsp;&nbsp;&nbsp;w \u0141azach, organizowanej pod has\u0142em \u201eSeniorzy na start\u201d.<\/p>\n\n\n\n<p>Tam w\u0142a\u015bnie zrodzi\u0142 si\u0119 &nbsp;pomys\u0142 &#8211; \u015awi\u0119toch\u0142owicka Uniwersjada Senior\u00f3w. Inicjatywa organizacji tej regionalnej w swym zamy\u015ble imprezy spotka\u0142a si\u0119 z \u017cyczliwym przyj\u0119ciem i wszechstronnym wsparciem w\u0142adz miasta, widz\u0105cych w niej wspania\u0142\u0105 okazj\u0119 do integracji lokalnej spo\u0142eczno\u015bci i niew\u0105tpliwej promocji \u015awi\u0119toch\u0142owic. Ju\u017c w kolejnym 2015 roku po raz pierwszy atmosfera dobrej zabawy i sportowej rywalizacji towarzyszy\u0142a kilku reprezentacjom UTW naszego regionu (Bytomia Chorzowa, Jaworzna, Katowic, Piekar \u015al., Pszczyny, Rudy \u015al\u0105skiej, Rybnika i Zabrza ), kt\u00f3re mimo trudnego ze wzgl\u0119d\u00f3w organizacyjnych okresu, rozpocz\u0119cia kolejnego roku akademickiego, zdecydowa\u0142y si\u0119 spotka\u0107 na rekreacyjno-sportowych obiektach \u015bwi\u0119toch\u0142owickiej \u201eSka\u0142ki\u201d. \u2026&nbsp;&nbsp;&nbsp;&nbsp;&nbsp;&nbsp;&nbsp;&nbsp;&nbsp;&nbsp;&nbsp; &nbsp;&nbsp;&nbsp;&nbsp;&nbsp;&nbsp;&nbsp;&nbsp;&nbsp;Kilkugodzinne zmagania&nbsp;w: p\u0142ywaniu, je\u017adzie rowerowej, strzelectwie, tenisie sto\u0142owym i nordic walking wy\u0142oni\u0142y zwyci\u0119zc\u00f3w, kt\u00f3rych uhonorowano tradycyjnymi medalami i okoliczno\u015bciowymi dyplomami. Nawet Ci, kt\u00f3rym nie uda\u0142o stan\u0105\u0107 si\u0119 na przys\u0142owiowym \u201epudle\u201d mogli mie\u0107 nieskrywan\u0105 satysfakcj\u0119, dorzucili bowiem sw\u0105 cegie\u0142k\u0119 (punkty za uzyskan\u0105 lokat\u0119) do zespo\u0142owej klasyfikacji generalnej. Puchary dla zwyci\u0119zc\u00f3w w tym rankingu, tym razem odebra\u0142y zespo\u0142y: \u015awi\u0119toch\u0142owic (16 medali), Bytomia (14 medali)&nbsp;i Pszczyny (8 barwnych kr\u0105\u017ck\u00f3w). Tu\u017c za podium znalaz\u0142a si\u0119 ambitna ekipa Chorzowa (z 7 medalami). &#8230;&nbsp;Przegranych w tej imprezie nie by\u0142o &#8211; wszak ka\u017cdy z zespo\u0142\u00f3w mia\u0142 swego medalist\u0119 &#8230;, a nadrz\u0119dn\u0105 warto\u015b\u0107 dla wszystkich uczestnik\u00f3w stanowi\u0142y: przyjemno\u015b\u0107 spotka\u0144, wymiana do\u015bwiadcze\u0144 i dobra zabawa w czasie towarzysz\u0105cych sportowym zmaganiom prezentacji artystycznych. \u2026<\/p>\n\n\n\n<p>Kolejne 3 lata, to kolejne edycje tej udanej sportowo-kulturalnej imprezy, do kt\u00f3rej ch\u0119tnie (cho\u0107 ze zmiennym szcz\u0119\u015bciem) wracali jej wcze\u015bniejsi uczestnicy. Niestety &nbsp;&nbsp;&nbsp;&nbsp;&nbsp;&nbsp;&nbsp;&nbsp;&nbsp;&nbsp;&nbsp;&nbsp;&nbsp;&nbsp;&nbsp;w roku 2019 z obiektywnych przyczyn &nbsp;nie znalaz\u0142a ona miejsca w miejskim i regionalnym kalendarzu przedsi\u0119wzi\u0119\u0107 senioralnych.<\/p>\n\n\n\n<p>&nbsp;Do 4 listopada 2015 roku Zarz\u0105d pracowa\u0142 w sk\u0142adzie: Krystyna Rawska, Ewa Rodek-K\u0142y\u015b, Jerzy Migo\u0144, Adam Graca, Jadwiga K\u0142oska, Teresa Adamus i Gra\u017cyna Mazurek. Na Walnym Zgromadzeniu Cz\u0142onk\u00f3w wobec zako\u0144czenia I kadencji w\u0142adz stowarzyszenia dokonano wyboru: &nbsp;Prezesa w osobie Krystyny Rawskiej&nbsp; oraz 5 ciu cz\u0142onk\u00f3w Zarz\u0105du: Ewy Rodek-K\u0142y\u015b, Jerzego Migonia, Ma\u0142gorzaty Binias, Teresy Adamus i Gra\u017cyny Mazurek.<\/p>\n\n\n\n<p>Rok 2015 \u2013 stworzy\u0142 okazj\u0119 nie tylko do wys\u0142uchania&nbsp; 19 wyk\u0142ad\u00f3w audytoryjnych ale dodatkowo 4 ch wyk\u0142ad\u00f3w w ramach realizowanego projektu \u201eStarzejemy si\u0119 w dobrym stylu\u201d. finansowanego z ASOS realizowanego w partnerstwie z Uniwersytetem Pedagogicznym w Krakowie.&nbsp;<\/p>\n\n\n\n<p>25 lutego 2015 roku rozpocz\u0119to realizacj\u0119 projektu wsp\u00f3\u0142pracy z UTW w Pszczynie, kt\u00f3ry zyska\u0142 dofinansowanie Prezydenta Miasta w ramach tzw. ma\u0142ych grant\u00f3w i dzi\u0119ki temu wsparciu finansowemu grupa 50-ciu student\u00f3w pszczy\u0144skiego Uniwersytetu Trzeciego Wieku &nbsp;go\u015bci\u0142a w naszym mie\u015bcie odpowiadaj\u0105c na zaproszenie s\u0142uchaczy rodzimego&nbsp; UTW.&nbsp; W dniu <strong>14 kwietnia<\/strong>&nbsp;&nbsp;tego roku&nbsp; \u015bwi\u0119toch\u0142owiccy studenci z\u0142o\u017cyli <strong>&nbsp;rewizyt\u0119&nbsp; przyjacio\u0142om<\/strong><\/p>\n\n\n\n<p><strong>w Pszczynie. <\/strong>Go\u015bcinni gospodarze przyj\u0119li \u015bwi\u0119toch\u0142owiczan kaw\u0105 i \u015bl\u0105skim ko\u0142oczem<\/p>\n\n\n\n<p>w progach pszczy\u0144skiego magistratu, gdzie by\u0142a tak\u017ce okazj\u0119 do spotkania z Burmistrzem Pszczyny. To spotkanie poprzedzi\u0142a ciekawa lekcja historii w scenerii komnat zamku Hochberg\u00f3w, a w sali sesyjnej Urz\u0119du Miasta wys\u0142uchano wyk\u0142adu, kt\u00f3rego tematem wiod\u0105cym by\u0142a<em> \u201eBiotechnologia w \u017cyciu codziennym\u201d.<\/em><em><\/em><\/p>\n\n\n\n<p><strong>Wa\u017cne wydarzenie w \u017cyciu \u015bwi\u0119toch\u0142owickiego UTW mia\u0142o miejsce 3 maja 2015<\/strong>&nbsp;roku, gdy w obecno\u015bci kilkuset os\u00f3b zgromadzonych w Centrum Kultury \u015al\u0105skiej na Zgodzie, z r\u0105k Prezydenta Miasta Dawida Kostempskiego, prezes Krystyna Rawska odebra\u0142a statuetk\u0119 przyznaj\u0105c\u0105 Uniwersytetowi&nbsp; tytu\u0142&nbsp; \u201eZas\u0142u\u017conego &nbsp;dla Miasta \u015awi\u0119toch\u0142owice\u201d.&nbsp;<\/p>\n\n\n\n<p>7 pa\u017adziernika 2015 roku w MDK kolejny rok dzia\u0142alno\u015bci rozpocz\u0105\u0142 si\u0119 wyk\u0142adem inauguracyjnym&nbsp; \u201eObywatel w samorz\u0105dzie\u201d, wyg\u0142oszonym przez&nbsp; Olgierda Dzieko\u0144skiego \u2013 &nbsp;Sekretarz Stanu Kancelarii Prezydenta RP.<br>Zarz\u0105d przedstawi\u0142 &nbsp;propozycje zaj\u0119\u0107 fakultatywnych na &nbsp;rok&nbsp; 2015\/2016 : nauk\u0119 &nbsp;p\u0142ywania, strzelectwo, gimnastyk\u0119&nbsp; rehabilitacyjn\u0105, nauk\u0119 &nbsp;j\u0119zyk\u00f3w: niemieckiego i angielskiego, informatyk\u0119, jog\u0119, warsztaty teatralne, gr\u0119 w bryd\u017ca towarzyskiego ,od listopada rozpocz\u0119\u0142y si\u0119 zaj\u0119cia taneczne.<\/p>\n\n\n\n<p>18.02.2016. s\u0142uchacze wyjechali&nbsp; na kulig do Wis\u0142y.<\/p>\n\n\n\n<p>W ramach warsztat\u00f3w teatralnych \u201e Witkacy na bis w \u015awi\u0119toch\u0142owicach\u201d&nbsp; grupa student\u00f3w &nbsp;w marcu 2016 rozpocz\u0119\u0142a z re\u017cyserem i aktorem Teatru Witkacego, Andrzejem Bieniasem, &nbsp;pr\u00f3by do spektaklu \u201e Ch\u0142opc\u00f3w\u201d wg Grochowiaka. Premiera spektaklu odby\u0142a si\u0119&nbsp; w CK\u015a w dniu 31.05.2016.<\/p>\n\n\n\n<p><strong>W dniu 17.05. 2016. studenci&nbsp; mieli okazj\u0119 wys\u0142ucha\u0107 koncertu Narodowej Orkiestry Polskiego Radia w Katowicach w jej nowej siedzibie.<\/strong><\/p>\n\n\n\n<p><strong>4.06.2016. odby\u0142 si\u0119 kolejny Piknik Organizacji Pozarz\u0105dowych w kt\u00f3rym nasi studenci zaznaczyli swoj\u0105 obecno\u015b\u0107 prezentuj\u0105c piosenk\u0119 w j\u0119zyku angielskim b\u0119d\u0105c\u0105 owocem lektoratu.<\/strong><\/p>\n\n\n\n<p><strong>Zako\u0144czenie V roku akademickiego odby\u0142o si\u0119 w 9.06.2016. z udzia\u0142em Prezydenta Miasta, kt\u00f3ry zaproponowa\u0142 studentom powt\u00f3rk\u0119 z historii na temat powsta\u0144 \u015bl\u0105skich i opowiedzia\u0142 o Klas\u00f3wce Powsta\u0144czej<\/strong><\/p>\n\n\n\n<p><strong>W\u015br\u00f3d wielu wyjazd\u00f3w edukacyjnych, kt\u00f3re cieszy\u0142y si\u0119 popularno\u015bci\u0105 student\u00f3w,<\/strong><\/p>\n\n\n\n<p><strong>ten z wrze\u015bnia &nbsp;2016 roku<\/strong><strong> &nbsp;<\/strong>zapisa\u0142 si\u0119 wielkimi zg\u0142oskami w historii UTW<strong>.<\/strong><\/p>\n\n\n\n<p><strong>Podczas&nbsp; wyjazdu do Zakopanego, Szczawnicy i Czorsztyna w &nbsp;dniu&nbsp; 18.09.2016. \u015bwi\u0119toch\u0142owicki zesp\u00f3\u0142 teatralny OdNowa wyst\u0105pi\u0142 na deskach Witkacego ze spektaklem \u201eCh\u0142opc\u00f3w\u201d, staj\u0105c si\u0119 ambasadorem miasta w pe\u0142nym tego s\u0142owa znaczeniu.<\/strong><\/p>\n\n\n\n<p><strong>W\u015br\u00f3d widz\u00f3w dominowali nie tylko seniorzy, studenci zakopia\u0144skiego UTW ale tak\u017ce<\/strong><\/p>\n\n\n\n<p><strong>m\u0142odzie\u017c, kt\u00f3rzy z aplauzem przyj\u0119\u0142a spektakl.<\/strong><\/p>\n\n\n\n<p>&nbsp;&nbsp;&nbsp;&nbsp;&nbsp;&nbsp;&nbsp;&nbsp;&nbsp;&nbsp;&nbsp; VI rok akademicki rozpocz\u0119to w dniu 11.10. 2016r. uroczyst\u0105 msz\u0105 \u015bw. koncelebrowan\u0105 w ko\u015bciele NMP w Pia\u015bnikach, kt\u00f3r\u0105 odprawi\u0142 w intencji senior\u00f3w miasta Ks. Abp. Senior &#8211; dr Damian Zimo\u0144z udzia\u0142em Ks. dr Stanis\u0142awa Pucha\u0142y i proboszcza parafii<\/p>\n\n\n\n<p>Ks. Marka Kotyczki.<\/p>\n\n\n\n<p>Inauguracj\u0119 VI&nbsp; roku akademickiego w&nbsp; dniu 14.10.2016r.&nbsp; zaszczycili swoj\u0105 obecno\u015bci\u0105 :<br>Dawid Kostempski &nbsp;&#8211; Prezydent Miasta i &nbsp;Katarzyna Potyra\u0142a &#8211; Prorektor ds. studenckich Uniwersytetu Pedagogicznego w&nbsp; Krakowie naszej patronackiej uczelni.<\/p>\n\n\n\n<p>Wyk\u0142ad&nbsp; \u201e O mitologii Kres\u00f3w\u201d wyg\u0142osi\u0142 prof. Stanis\u0142aw Nicieja&nbsp; b. rektor Uniwersytetu Opolskiego. &nbsp;&nbsp;&nbsp;<\/p>\n\n\n\n<p>Istotn\u0105 dat\u0105 w dzia\u0142alno\u015bci UTW by\u0142 25 listopada 2016 roku, w Krakowie podczas konferencji zorganizowanej przez Og\u00f3lnopolsk\u0105 Federacj\u0119 UTW.: \u201eEdukacja i aktywizacja os\u00f3b starszych \u2013 nowe wyzwania\u201d zosta\u0142y uroczy\u015bcie wr\u0119czone Certyfikaty \u201eProfesjonalny UTW\u201d; w\u015br\u00f3d 12 Uniwersytet\u00f3w, kt\u00f3re odnowi\u0142y swoje certyfikaty \u2013 \u015bwi\u0119toch\u0142owicki UTW otrzyma\u0142 Z\u0142oty Certyfikat.<\/p>\n\n\n\n<p>W I semestrze VI roku wzbogacono wyk\u0142ady audytoryjne &nbsp;o wyk\u0142ady z nauki astronomii, p. Stefana Janty \u2013 Wicedyrektora Planetarium \u015al.<\/p>\n\n\n\n<p>Walne Zgromadzenie Cz\u0142onk\u00f3w&nbsp; dokona\u0142o zmian w sk\u0142adzie Zarz\u0105du, nowymi cz\u0142onkami zostali Jadwiga Denysiewicz&nbsp; &#8211; Skarbnik i Henryk Duda \u2013 Wiceprezes.<\/p>\n\n\n\n<p>Popularno\u015bci\u0105 w mie\u015bcie i poza nim cieszy\u0142y si\u0119 wyst\u0119py zespo\u0142u teatralnego. Spektakl \u201e Ch\u0142opc\u00f3w\u201d obejrzeli s\u0142uchacze UTW w K\u0142aju i K\u0119dzierzynie Ko\u017alu.<\/p>\n\n\n\n<p>&nbsp;W maju 2017 roku studenci wraz z zespo\u0142em teatralnym OdNowa wzi\u0119li udzia\u0142<br>w wyje\u017adzie edukacyjnym do Wroc\u0142awia i Leszna. Zwiedzano pa\u0142ace w Rogalinie<br>i Rydzynie, a na zaproszenie UTW w Lesznie zesp\u00f3\u0142 OdNowa zaprezentowa\u0142 &nbsp;spektakl \u201eCh\u0142opc\u00f3w\u201d w rodzinnym mie\u015bcie autora&nbsp; St. Grochowiaka.<\/p>\n\n\n\n<p>We wrze\u015bniu 2017 zako\u0144czony zosta\u0142 projekt&nbsp; zg\u0142oszony przez wolontariusza Jerzego Wawrzyczka: \u201eZielone trawniki, czyste chodniki \u2013 sprz\u0105taj po swoim psie, bo on tego nie potrafi\u201d polegaj\u0105cy na monta\u017cu pojemnik\u00f3w. Projekt by\u0142 sfinansowany z darowizny&nbsp; firmy Arcelor Mittal, a zrealizowany przy wsp\u00f3\u0142pracy student\u00f3w miejscowego UTW, na osiedlu<\/p>\n\n\n\n<p>w Pia\u015bnikach i w Parku im. Mieszka\u0144c\u00f3w Heiloo.&nbsp;<\/p>\n\n\n\n<p>Od kwietnia do pa\u017adziernika 2017 zesp\u00f3\u0142 teatralny OdNowa we wsp\u00f3\u0142pracy z Teatrem Witkacego bra\u0142 udzia\u0142 w warsztatach teatralnych, kt\u00f3rych owocem by\u0142a \u201ePu\u0142apka\u201d wg tekst\u00f3w grupy Monty Pythona. Premiera tego spektaklu odby\u0142a si\u0119 11 pa\u017adziernika 2017 roku w CK\u015a, jako cz\u0119\u015b\u0107 artystyczna inauguracji kolejnego VII roku akademickiego.<\/p>\n\n\n\n<p>Inauguracja VII roku akademickiego, kt\u00f3r\u0105 zaszczycili swoj\u0105 obecno\u015bci\u0105 :<br>Dawid Kostempski &nbsp;&#8211; Prezydent Miasta i &nbsp;Katarzyna Potyra\u0142a &#8211; Prorektor ds. studenckich Uniwersytetu Pedagogicznego w&nbsp; Krakowie naszej patronackiej uczelni &nbsp;odby\u0142a si\u0119 w&nbsp; dniu 11.10.2017. w CK\u015a. Wyk\u0142ad inauguracyjny \u201eJak radzi\u0107 sobie ze stresem wyg\u0142osi\u0142a prof. Uniwersytetu SWPS, dr hab.&nbsp; Katarzyna Popio\u0142ek.<\/p>\n\n\n\n<p>Wiecz\u00f3r&nbsp; Andrzejkowy w restauracji Ska\u0142ka w dniu 30.11.2017r.&nbsp; po\u015bwi\u0119cony by\u0142 poezji<\/p>\n\n\n\n<p>p. Danuty Pacze\u015bniowskiej&nbsp; z udzia\u0142em poetki, wiersze&nbsp; recytowali cz\u0142onkowie zespo\u0142u&nbsp; teatralnego OdNowa, a twory muzyczne wykonywa\u0142a grupa \u201ePrzyjaciele\u201d.<\/p>\n\n\n\n<p>&nbsp;11 grudnia 2017. zesp\u00f3\u0142&nbsp; zaprezentowa\u0142&nbsp; z du\u017cym sukcesem spektakl Pu\u0142apki na scenie Witkacego w Zakopanem.<\/p>\n\n\n\n<p>4.04. 2018 &nbsp;s\u0142uchacze wzi\u0119li udzia\u0142 &nbsp;w &nbsp;wyje\u017adzie&nbsp; edukacyjnym &nbsp;do Nak\u0142a \u015al. gdzie zwiedzili siedzib\u0119 rodu&nbsp; Donnesmarck\u00f3w.<\/p>\n\n\n\n<p>&nbsp;&nbsp;&nbsp;&nbsp;&nbsp;&nbsp;&nbsp;&nbsp;&nbsp;&nbsp;&nbsp; 14 maja 2018r. odby\u0142 si\u0119 wyjazd student\u00f3w do Rud Raciborskich w celu zwiedzenia<\/p>\n\n\n\n<p>Pocysterskiego Zespo\u0142u Klasztorno-Pa\u0142acowego. W tym dniu&nbsp; dnia grupa student\u00f3w wzi\u0119\u0142a tak\u017ce udzia\u0142 w og\u00f3lnopolskim marszu nordic &#8211; walking.<\/p>\n\n\n\n<p>W dniach 25 &#8211; 27.05.2018r. zorganizowano wyjazd edukacyjny&nbsp; do Tarnobrzegu<\/p>\n\n\n\n<p>i Sandomierza. Na zaproszenie UTW w Tarnobrzegu zesp\u00f3\u0142 teatralny OdNowa zaprezentowa\u0142 w dniu 27.05. spektakl \u201e Pu\u0142apka\u201d dla s\u0142uchaczy z UTW tarnobrzeskiego i&nbsp; sandomierskiego, a tak\u017ce dla&nbsp; senior\u00f3w&nbsp; miasta Tarnobrzeg.<\/p>\n\n\n\n<p>W dniu 30 maja 2018r. w MDK odby\u0142o si\u0119 uroczyste zako\u0144czenie VII roku akademickiego<\/p>\n\n\n\n<p>Cz\u0119\u015b\u0107 artystyczn\u0105 przygotowali cz\u0142onkowie grupy tanecznej, kt\u00f3rzy zaprezentowali ogniste wykonanie impresji tanecznych do melodii z filmu Mamma Mia.<\/p>\n\n\n\n<p>VIII rok akademicki inaugurowano w dniu 07.10.2018. &nbsp;msz\u0105 \u015bw. w ko\u015bciele<\/p>\n\n\n\n<p>&nbsp;\u015bw. J\u00f3zefa, kt\u00f3r\u0105 odprawi\u0142 w intencji senior\u00f3w ks. dr Stanis\u0142aw Pucha\u0142a.<\/p>\n\n\n\n<p>W dniu 10.10.2018. w CK\u015a odby\u0142a si\u0119 inauguracja VIII roku akademickiego z udzia\u0142em<\/p>\n\n\n\n<p>prof. Katarzyny Potyra\u0142a &#8211; Prorektor ds. studenckich Uniwersytetu Pedagogicznego<\/p>\n\n\n\n<p>w&nbsp; Krakowie, naszej patronackiej uczelni.<\/p>\n\n\n\n<h2 class=\"wp-block-heading\">Wyk\u0142ad inauguracyjny \u201eGrecy i religia\u201d wyg\u0142osi\u0142 dr hab. Zbigniew Kad\u0142ubek prof. U\u015a.<\/h2>\n\n\n\n<p>Tradycyjne spotkanie Andrzejkowe odby\u0142o si\u0119 w dniu 30.11.2018r. z laniem wosku<\/p>\n\n\n\n<p>i ta\u0144cami.<\/p>\n\n\n\n<p>W dniu 19.12.2018 . grono s\u0142uchaczy Uniwersytetu wzi\u0119\u0142o udzia\u0142 w spotkaniu op\u0142atkowym<\/p>\n\n\n\n<p>z udzia\u0142em Prezydenta Miasta &nbsp;Daniela Begera i ks. dr Stanis\u0142awa Pucha\u0142y.<\/p>\n\n\n\n<p>Coraz bardziej uaktywnia\u0142 si\u0119 zesp\u00f3\u0142 teatralny OdNowa, kt\u00f3ry przygotowa\u0142 na dzie\u0144 17 lutego 2019r. premier\u0119 spektaklu \u201eKubu\u015b Puchatek\u201d wg A.A. Milne,<\/p>\n\n\n\n<p>Na zaproszenie UTW z K\u0142aja &nbsp;zesp\u00f3\u0142 wyst\u0105pi\u0142&nbsp; tam w kwietniu 2019 roku. Przedstawienie zaprezentowano tak\u017ce &nbsp;w Centrum Kultury im. H. Bisty w Rudzie \u015al. oraz kilkakrotnie w CK\u015a dla uczni\u00f3w szk\u00f3\u0142 \u015bwi\u0119toch\u0142owickich.<\/p>\n\n\n\n<p>Z okazji Dnia Dziecka w 2019 roku zesp\u00f3\u0142 zaprezentowa\u0142 spektakl \u201eKubusia Puchatka\u201d<\/p>\n\n\n\n<p>w teatrze Witkacego.<\/p>\n\n\n\n<p>2 maja 2019r. Nadzwyczajne Walne Zgromadzenie dokona\u0142o kolejnej zmiany&nbsp; w sk\u0142adzie Zarz\u0105du, funkcj\u0119 Sekretarza obj\u0119\u0142a Danuta Zar\u0119ba.<\/p>\n\n\n\n<p>W roku akademickim 2018\/2019 studenci uczestniczyli w jednodniowych wyjazdach edukacyjnych&nbsp; do Pieskowej Ska\u0142y i Ojcowa oraz do Zespo\u0142u Pa\u0142acowo- Parkowego<\/p>\n\n\n\n<p>w P\u0142awniowicach, zamku i Stadniny Koni w Mosznej.<\/p>\n\n\n\n<p>5.06.2019r. odby\u0142o si\u0119 w Centrum Kultury \u015al\u0105skiej zako\u0144czenie &nbsp;VIII roku akademickiego&nbsp;&nbsp;&nbsp;&nbsp;&nbsp;&nbsp; z udzia\u0142em Prezydenta Miasta Daniela Begera,&nbsp; kt\u00f3ry przedstawi\u0142&nbsp; perspektywy i strategi\u0119 rozwoju \u015awi\u0119toch\u0142owic. W cz\u0119\u015bci&nbsp; artystycznej &nbsp;uczestnicy imprezy podziwiali zesp\u00f3\u0142&nbsp; taneczny&nbsp; student\u00f3w Aster Dance, kt\u00f3ry &nbsp;&nbsp;w brawurowy spos\u00f3b wykona\u0142 \u201eognisty\u201d&nbsp; uk\u0142ad&nbsp; choreograficzny ABBA \u2013 mix.<\/p>\n\n\n\n<p>9.10.2019r.&nbsp; odby\u0142a si\u0119 w Centrum Kultury \u015al\u0105skiej inauguracja IX roku akademickiego, kt\u00f3r\u0105 zaszczyci\u0142 swoj\u0105 obecno\u015bci\u0105 Prezydent Miasta Daniel Beger oraz &nbsp;prof. Katarzyna &nbsp;Potyra\u0142a &#8211; Prorektor ds. studenckich Uniwersytetu Pedagogicznego w&nbsp; Krakowie. Wyk\u0142ad inauguracyjny \u201e O drogach i zakr\u0119tach sukcesu Coco Chanel \u201d wyg\u0142osi\u0142a prof. Krystyna Wojtynek \u2013 Musik.<\/p>\n\n\n\n<p>12.10.2019. rozpocz\u0119\u0142a si\u0119 realizacja projektu \u201e Carpe Diem \u2013 razem mo\u017cemy wi\u0119cej\u201d,<\/p>\n\n\n\n<p>Udzia\u0142 w projekcie zaproponowa\u0142 nam Uniwersytet&nbsp; &#8211; Szko\u0142a Wy\u017csza Psychologii Spo\u0142ecznej \u2013 Wydzia\u0142 Zamiejscowy w Katowicach dla 30 osobowej grupy naszych s\u0142uchaczy; projekt<\/p>\n\n\n\n<p>zak\u0142ada\u0142 13 dni zaj\u0119ciowych (w soboty) w postaci wyk\u0142ad\u00f3w i warsztat\u00f3w.<\/p>\n\n\n\n<p>Mia\u0142 na celu rozw\u00f3j kompetencji osobistych i spo\u0142ecznych senior\u00f3w. &nbsp;<\/p>\n\n\n\n<p>Przedstawiciele &nbsp;Zarz\u0105du, Komisji Rewizyjnej&nbsp; i Samorz\u0105du&nbsp; UTW &nbsp;uczestniczyli&nbsp; co roku w Forum Uniwersytet\u00f3w Trzeciego Wieku w Nowym S\u0105czu i Krynicy, kt\u00f3rego organizatorem i gospodarzem jest Og\u00f3lnopolska Federacja UTW, kt\u00f3rej jeste\u015bmy cz\u0142onkiem.<\/p>\n\n\n\n<p>W dniu 18.12.2019r. liczne grono s\u0142uchaczy wzi\u0119\u0142o udzia\u0142 w spotkaniu op\u0142atkowym<\/p>\n\n\n\n<p>z udzia\u0142em Prezydenta Daniela Begera, ks. Andrzeja Urba\u0144czyka&nbsp; sdb &#8211; Dyrektora Zespo\u0142u Szk\u00f3\u0142 Salezja\u0144skich Don Bosko, Doroty Leszczy\u0144skiej \u2013Dyrektora Miejskiego Zarz\u0105du O\u015bwiaty i gospodarza miejsca Doroty Sparwasser&nbsp; &#8211; Dyrektor Szko\u0142y Podstawowej Nr 1 .<\/p>\n\n\n\n<p>Niestety og\u0142oszenie pandemii w marcu 2020 roku utrudni\u0142o dzia\u0142alno\u015b\u0107 UTW. Zawieszono zaj\u0119cia, lecz rych\u0142o wykorzystano multimedia.<\/p>\n\n\n\n<p>Zako\u0144czenie IX roku akademickiego zrealizowano przy pomocy \u015al\u0105skiej Telewizji Miejskiej, kt\u00f3re obejmowa\u0142o wyk\u0142ad ks. dr St. Pucha\u0142y, rozmow\u0119 prezes Krystyny Krzemi\u0144skiej z literatem Marianem Piegz\u0105, autorem powie\u015bci o niezwyk\u0142ych losach \u015bwi\u0119toch\u0142owiczan. Muzyczn\u0105 opraw\u0119 stanowi\u0142 fragment koncertu organowego prof. Juliana Gembalskiego.<\/p>\n\n\n\n<p>Wkr\u00f3tce, bo ju\u017c 5 sierpnia Zarz\u0105d zdecydowa\u0142 o rozpocz\u0119ciu projektu \u201eWakacje z UTW\u201d, kt\u00f3ry polega\u0142 na tym, i\u017c co tygodniowo, w ka\u017cd\u0105 \u015brod\u0119 odbywa\u0142y si\u0119 wyk\u0142ady wg ustalonego harmonogramu, zamieszczane &nbsp;na stronie internetowej Uniwersytetu, a s\u0142uchacze mogli odtwarza\u0107 je w dogodnym dla siebie terminie. Ta inicjatywa mia\u0142a przekona\u0107 s\u0142uchaczy, \u017ce pandemia nie jest w stanie przeszkodzi\u0107 dzia\u0142alno\u015bci Uniwersytetu, kt\u00f3ry zmuszony sytuacj\u0105, zmieni\u0142 spos\u00f3b prowadzenia swojej dzia\u0142alno\u015bci edukacyjnej.<\/p>\n\n\n\n<p>W dniach 17-19 wrze\u015bnia 2020 roku 20 osobowa grupa student\u00f3w wyjecha\u0142a do Term Uniejowskich, aby skorzysta\u0107&nbsp; z dobrodziejstw tamtejszych w\u00f3d termalnych, zwiedzaj\u0105c tak\u017ce zamki i pa\u0142ace w Walewicach, \u0141\u0119czycy i \u0141odzi.<\/p>\n\n\n\n<p><em>Ci\u0105g dalszy nast\u0105pi &#8230;<\/em><\/p>\n","protected":false},"excerpt":{"rendered":"<div class=\"mh-excerpt\"><p>Cynowa Rocznica Lubimy obchodzi\u0107 r\u00f3\u017cne rocznice, szczeg\u00f3lnie za\u015b, gdy jubilatami s\u0105 osoby lub instytucje nam mi\u0142e. Tak jest tak\u017ce w tej sytuacji, gdy swe 10-lecie <a class=\"mh-excerpt-more\" href=\"http:\/\/xonit.eu\/utwswce\/o-nas\/\" title=\"O nas\">[&#8230;]<\/a><\/p>\n<\/div>","protected":false},"author":1,"featured_media":0,"parent":0,"menu_order":0,"comment_status":"closed","ping_status":"closed","template":"","meta":{"_vp_format_video_url":"","_vp_image_focal_point":[],"footnotes":""},"class_list":["post-62","page","type-page","status-publish","hentry"],"_links":{"self":[{"href":"http:\/\/xonit.eu\/utwswce\/wp-json\/wp\/v2\/pages\/62","targetHints":{"allow":["GET"]}}],"collection":[{"href":"http:\/\/xonit.eu\/utwswce\/wp-json\/wp\/v2\/pages"}],"about":[{"href":"http:\/\/xonit.eu\/utwswce\/wp-json\/wp\/v2\/types\/page"}],"author":[{"embeddable":true,"href":"http:\/\/xonit.eu\/utwswce\/wp-json\/wp\/v2\/users\/1"}],"replies":[{"embeddable":true,"href":"http:\/\/xonit.eu\/utwswce\/wp-json\/wp\/v2\/comments?post=62"}],"version-history":[{"count":3,"href":"http:\/\/xonit.eu\/utwswce\/wp-json\/wp\/v2\/pages\/62\/revisions"}],"predecessor-version":[{"id":3319,"href":"http:\/\/xonit.eu\/utwswce\/wp-json\/wp\/v2\/pages\/62\/revisions\/3319"}],"wp:attachment":[{"href":"http:\/\/xonit.eu\/utwswce\/wp-json\/wp\/v2\/media?parent=62"}],"curies":[{"name":"wp","href":"https:\/\/api.w.org\/{rel}","templated":true}]}}