{"id":4530,"date":"2025-05-11T22:13:46","date_gmt":"2025-05-11T20:13:46","guid":{"rendered":"https:\/\/xonit.eu\/utwswce\/?page_id=4530"},"modified":"2025-05-11T22:16:03","modified_gmt":"2025-05-11T20:16:03","slug":"statut-utw-2","status":"publish","type":"page","link":"http:\/\/xonit.eu\/utwswce\/statut-utw-2\/","title":{"rendered":"Statut UTW"},"content":{"rendered":"\n<p class=\"has-text-align-center\"><strong>STATUT<\/strong><\/p>\n\n\n\n<p class=\"has-text-align-center\"><strong>stowarzyszenia Uniwersytet Trzeciego Wieku<br>w \u015awi\u0119toch\u0142owicach&nbsp;<br><br><\/strong><\/p>\n\n\n\n<p><strong>ROZDZIA\u0141 1<\/strong><br><strong>POSTANOWIENIA OG\u00d3LNE<\/strong><\/p>\n\n\n\n<p class=\"has-text-align-center\"><strong>\u00a7 1<\/strong><\/p>\n\n\n\n<ol class=\"wp-block-list\">\n<li><em>Stowarzyszenie Uniwersytet Trzeciego Wieku w \u015awi\u0119toch\u0142owicach <\/em>zwane w dalszej cz\u0119\u015bci statutu <em>Stowarzyszeniem<\/em>, dzia\u0142a w szczeg\u00f3lno\u015bci na podstawie ustawy \u2013 Prawo o stowarzyszeniach, ustawy o dzia\u0142alno\u015bci po\u017cytku publicznego i o wolontariacie oraz na podstawie niniejszego Statutu.<\/li>\n<\/ol>\n\n\n\n<p class=\"has-text-align-center\"><strong>\u00a7 2<\/strong><\/p>\n\n\n\n<p>Stowarzyszenie jest stowarzyszeniem zarejestrowanym, posiadaj\u0105cym osobowo\u015b\u0107 prawn\u0105.<\/p>\n\n\n\n<p class=\"has-text-align-center\"><strong>\u00a7 3<\/strong><\/p>\n\n\n\n<ol class=\"wp-block-list\">\n<li>Siedzib\u0105 Stowarzyszenia jest miasto \u015awi\u0119toch\u0142owice.<\/li>\n\n\n\n<li>Terenem dzia\u0142ania Stowarzyszenia jest obszar Rzeczypospolitej Polskiej. Dla w\u0142a\u015bciwego realizowania swoich cel\u00f3w Stowarzyszenie mo\u017ce prowadzi\u0107 dzia\u0142alno\u015b\u0107 r\u00f3wnie\u017c poza granicami kraju.<\/li>\n\n\n\n<li>Stowarzyszenie mo\u017ce wsp\u00f3\u0142pracowa\u0107 z krajowymi, zagranicznymi i mi\u0119dzynarodowymi organizacjami i instytucjami, o tym samym lub podobnym profilu dzia\u0142ania.<\/li>\n\n\n\n<li>Stowarzyszenie mo\u017ce pozostawa\u0107 cz\u0142onkiem innych organizacji &#8211; krajowych i mi\u0119dzynarodowych &#8211; na zasadach pe\u0142nej autonomii.<\/li>\n<\/ol>\n\n\n\n<p class=\"has-text-align-center\"><strong>\u00a7 4<\/strong><\/p>\n\n\n\n<p>Stowarzyszenie zostaje powo\u0142ane na czas nieokre\u015blony.<\/p>\n\n\n\n<p class=\"has-text-align-center\"><strong>\u00a7 5<\/strong><\/p>\n\n\n\n<ol class=\"wp-block-list\">\n<li>Dzia\u0142alno\u015b\u0107 Stowarzyszenia opiera si\u0119 na pracy spo\u0142ecznej og\u00f3\u0142u jego cz\u0142onk\u00f3w.<\/li>\n\n\n\n<li>Do prowadzenia swych spraw Stowarzyszenie mo\u017ce zatrudnia\u0107 pracownik\u00f3w. Cz\u0142onkowie Stowarzyszenia, w tym cz\u0142onkowie w\u0142adz Stowarzyszenia, mog\u0105 by\u0107 zatrudniani w Stowarzyszeniu na podstawie stosunku pracy lub stosunk\u00f3w cywilnoprawnych. Cz\u0142onkowie zarz\u0105du mog\u0105 otrzymywa\u0107 wynagrodzenie za czynno\u015bci wykonywane w zwi\u0105zku z pe\u0142nion\u0105 funkcj\u0105.<\/li>\n<\/ol>\n\n\n\n<p class=\"has-text-align-center\"><strong>\u00a7 6<\/strong><\/p>\n\n\n\n<ol class=\"wp-block-list\">\n<li>Stowarzyszenie mo\u017ce u\u017cywa\u0107 odpowiednik\u00f3w swojej nazwy w j\u0119zykach obcych.<\/li>\n\n\n\n<li>Stowarzyszenie mo\u017ce u\u017cywa\u0107 wyr\u00f3\u017cniaj\u0105cych je znak\u00f3w graficznych i innych symboli wed\u0142ug wzor\u00f3w ustalonych przez Zarz\u0105d.\u00a0<\/li>\n\n\n\n<li>Stowarzyszenie mo\u017ce u\u017cywa\u0107 piecz\u0119ci, odznak i znak\u00f3w organizacyjnych wed\u0142ug wzor\u00f3w ustalonych przez Zarz\u0105d.<\/li>\n<\/ol>\n\n\n\n<p><strong>ROZDZIA\u0141 2<\/strong><br><strong>CELE I \u015aRODKI DZIA\u0141ANIA<\/strong><\/p>\n\n\n\n<p class=\"has-text-align-center\"><strong>\u00a7 7<\/strong><\/p>\n\n\n\n<p>Celem Stowarzyszenia jest:<\/p>\n\n\n\n<ol class=\"wp-block-list\">\n<li>dzia\u0142alno\u015b\u0107 edukacyjna, o\u015bwiatowa i szkoleniowa w szczeg\u00f3lno\u015bci w zakresie medycyny<br>i profilaktyki zdrowia, nauk humanistycznych, kultury i sztuki, nauk spo\u0142ecznych, ekonomicznych i prawnych, nauk technicznych a tak\u017ce nauk o Ziemi i Wszech\u015bwiecie oraz nauki j\u0119zyk\u00f3w obcych,<\/li>\n\n\n\n<li>propagowanie i popieranie r\u00f3\u017cnorodnych form aktywno\u015bci intelektualnej, psychicznej<br>i fizycznej adekwatnie do wieku, stopnia sprawno\u015bci i zainteresowa\u0144 os\u00f3b starszych,<\/li>\n\n\n\n<li>inspirowanie i podejmowanie dzia\u0142a\u0144 na rzecz \u015brodowiska ludzi starszych, w tym os\u00f3b niepe\u0142nosprawnych, bezrobotnych i chorych oraz zapobieganie wykluczeniu spo\u0142ecznemu<br>i przeciwdzia\u0142anie patologiom spo\u0142ecznym,<\/li>\n\n\n\n<li>stymulowanie rozwoju osobowego oraz intelektualnej, psychicznej i fizycznej sprawno\u015bci os\u00f3b starszych,<\/li>\n\n\n\n<li>wspieranie rozwoju edukacji i kultury, ochrona d\u00f3br kultury i tradycji,<\/li>\n\n\n\n<li>aktywizacja spo\u0142eczna os\u00f3b starszych,<\/li>\n\n\n\n<li>organizowanie dzia\u0142a\u0144 na rzecz os\u00f3b niepe\u0142nosprawnych, chorych i bezrobotnych,<\/li>\n\n\n\n<li>ochrona i promocja zdrowia, w tym propagowanie aktywnego wypoczynku, zdrowego stylu \u017cycia oraz wiedzy o zdrowiu,<\/li>\n\n\n\n<li>wspieranie i upowszechnianie kultury fizycznej i sportu,<\/li>\n\n\n\n<li>profilaktyka chor\u00f3b w tym chor\u00f3b cywilizacyjnych,<\/li>\n\n\n\n<li>promowanie aktywnego sp\u0119dzania wolnego czasu,<\/li>\n\n\n\n<li>profilaktyka uzale\u017cnie\u0144 i patologii spo\u0142ecznych,<\/li>\n\n\n\n<li>propagowanie, kultywowanie, upowszechnianie i organizowanie turystyki i krajoznawstwa,<\/li>\n\n\n\n<li>organizowanie wypoczynku os\u00f3b starszych,<\/li>\n\n\n\n<li>dzia\u0142alno\u015b\u0107 na rzecz os\u00f3b niepe\u0142nosprawnych,<\/li>\n\n\n\n<li>upowszechnianie i ochrona wolno\u015bci i praw cz\u0142owieka oraz swob\u00f3d obywatelskich,<\/li>\n\n\n\n<li>dzia\u0142alno\u015b\u0107 na rzecz rozwoju spo\u0142ecze\u0144stwa obywatelskiego,<\/li>\n\n\n\n<li>dzia\u0142alno\u015b\u0107 na rzecz upowszechniania i organizowania, utrzymania, nawi\u0105zania i zacie\u015bniania wsp\u00f3\u0142pracy mi\u0119dzypokoleniowej,<\/li>\n\n\n\n<li>podejmowanie dzia\u0142a\u0144 zmierzaj\u0105cych do utrzymania, nawi\u0105zania i zacie\u015bniania wi\u0119zi i kontakt\u00f3w osobistych mi\u0119dzy mieszka\u0144cami regionu &#8211; szerzenie przyja\u017ani i wsp\u00f3\u0142pracy pomi\u0119dzy miastami, regionami, pa\u0144stwami i narodami,<\/li>\n\n\n\n<li>promocja i organizacja wolontariatu,<\/li>\n\n\n\n<li>dzia\u0142alno\u015b\u0107 na rzecz ekologii i ochrony \u015brodowiska naturalnego,<\/li>\n\n\n\n<li>dzia\u0142alno\u015b\u0107 charytatywna,<\/li>\n\n\n\n<li>upowszechnianie wiedzy o \u015al\u0105sku i \u015awi\u0119toch\u0142owicach, w szczeg\u00f3lno\u015bci poprzez prezentowanie dorobku kulturalno-spo\u0142ecznego, walor\u00f3w turystycznych oraz organizowanie spotka\u0144 ze znanymi osobami zas\u0142u\u017conymi dla Regionu,<\/li>\n\n\n\n<li>u\u0142atwianie kontakt\u00f3w z instytucjami takimi jak: s\u0142u\u017cba zdrowia, o\u015brodki rehabilitacyjne, o\u015brodki kultury i inne,<\/li>\n\n\n\n<li>dzia\u0142alno\u015b\u0107 na rzecz rozwoju idei gminnych, powiatowych i wojew\u00f3dzkich rad senior\u00f3w,<\/li>\n\n\n\n<li>dzia\u0142alno\u015b\u0107 na rzecz wzmacniania aktywno\u015bci i \u015bwiadomo\u015bci obywatelskiej na poziomie lokalnym, regionalnym, krajowym i europejskim,<\/li>\n\n\n\n<li>inicjowanie, wzmacnianie i wsparcie dla proces\u00f3w partycypacyjnych,<\/li>\n\n\n\n<li>promowanie dialogu obywatelskiego i proces\u00f3w konsultacyjnych,<\/li>\n\n\n\n<li>edukacja obywatelska i konsumencka,<\/li>\n\n\n\n<li>wsparcie i profesjonalizacja sektora pozarz\u0105dowego,<\/li>\n\n\n\n<li>upowszechnianie ekonomii spo\u0142ecznej,<\/li>\n\n\n\n<li>upowszechnianie \u201esrebrnej gospodarki\u201d.<\/li>\n<\/ol>\n\n\n\n<p class=\"has-text-align-center\"><strong>\u00a7 8<\/strong><\/p>\n\n\n\n<ol class=\"wp-block-list\">\n<li>Stowarzyszenie realizuje swoje cele poprzez:<\/li>\n\n\n\n<li>prowadzenie dzia\u0142alno\u015bci edukacyjno-informacyjnej,<\/li>\n\n\n\n<li>organizowanie, tworzenie i prowadzenie zespo\u0142\u00f3w i sekcji zainteresowa\u0144,<\/li>\n\n\n\n<li>prowadzenie dzia\u0142alno\u015bci szkoleniowej,<\/li>\n\n\n\n<li>organizowanie seminari\u00f3w, szkole\u0144, warsztat\u00f3w, kurs\u00f3w i lektorat\u00f3w j\u0119zyk\u00f3w obcych,<\/li>\n\n\n\n<li>organizowanie wyk\u0142ad\u00f3w, odczyt\u00f3w, debat, konferencji, spotka\u0144 i prelekcji,<\/li>\n\n\n\n<li>organizowanie wystaw, koncert\u00f3w, festiwali, festyn\u00f3w, wyst\u0119p\u00f3w i konkurs\u00f3w,<\/li>\n\n\n\n<li>prowadzenie praktycznych zaj\u0119\u0107 z zakresu kultury fizycznej, sportu i rekreacji,<\/li>\n\n\n\n<li>organizowanie krajowych oraz zagranicznych wyjazd\u00f3w edukacyjnych, turystycznych<br>\u00a0i krajoznawczych,<\/li>\n\n\n\n<li>organizowanie krajowych i mi\u0119dzynarodowych plener\u00f3w, spotka\u0144 integracyjnych, sportowych, turystycznych i rehabilitacyjnych oraz wymian os\u00f3b doros\u0142ych i senior\u00f3w,<\/li>\n\n\n\n<li>prowadzenie dzia\u0142alno\u015bci wydawniczej (wydawanie broszur, folder\u00f3w, biuletyn\u00f3w, ulotek, ksi\u0105\u017cek itp.),<\/li>\n\n\n\n<li>prowadzenie dzia\u0142alno\u015bci doradczej,<\/li>\n\n\n\n<li>prowadzenie dzia\u0142alno\u015bci stypendialnej,<\/li>\n\n\n\n<li>organizowanie bada\u0144 profilaktycznych,<\/li>\n\n\n\n<li>tworzenie, prowadzenie i wspieranie\u00a0 grup samopomocowych,<\/li>\n\n\n\n<li>prowadzenie dzia\u0142alno\u015bci promocyjnej i informacyjnej,<\/li>\n\n\n\n<li>wspieranie finansowe i materialne os\u00f3b b\u0119d\u0105cych w potrzebie (w tym cz\u0142onk\u00f3w Stowarzyszenia),<\/li>\n\n\n\n<li>organizowanie zbi\u00f3rek publicznych i imprez charytatywnych oraz pozyskiwanie \u015brodk\u00f3w pieni\u0119\u017cnych z dotacji, subwencji, sk\u0142adek cz\u0142onkowskich, os\u00f3b fizycznych i innych \u017ar\u00f3de\u0142,<\/li>\n\n\n\n<li>organizowanie imprez okoliczno\u015bciowych w\u0142\u0105czaj\u0105cych Stowarzyszenie w aktualne problemy spo\u0142eczne oraz \u017cycie spo\u0142eczno\u015bci lokalnych ze szczeg\u00f3lnym uwzgl\u0119dnieniem os\u00f3b starszych,<\/li>\n\n\n\n<li>wyst\u0119powanie z wnioskami i opiniami do w\u0142a\u015bciwych w\u0142adz, urz\u0119d\u00f3w, instytucji, organizacji i fundacji w sprawach zgodnych z celami statutowymi,<\/li>\n\n\n\n<li>wsp\u00f3\u0142prac\u0119 z instytucjami pa\u0144stwowymi i samorz\u0105dowymi, sektorem prywatnym<br>i organizacjami pozarz\u0105dowymi.<\/li>\n\n\n\n<li>Zakres realizacji dzia\u0142a\u0144 okre\u015blonych w ust. 1 uzale\u017cniony jest od posiadanych przez Stowarzyszenie zasob\u00f3w rzeczowych i finansowych<\/li>\n\n\n\n<li>Wymienione w ust. 1. rodzaje dzia\u0142alno\u015bci realizowane b\u0119d\u0105 przez Stowarzyszenie w ramach prowadzonej przez ni\u0105 nieodp\u0142atnej dzia\u0142alno\u015bci statutowej, z zastrze\u017ceniem ust. 4.<\/li>\n\n\n\n<li>Stowarzyszenie mo\u017ce prowadzi\u0107 odp\u0142atn\u0105 dzia\u0142alno\u015b\u0107 statutow\u0105.<\/li>\n\n\n\n<li>Odp\u0142atn\u0105 dzia\u0142alno\u015b\u0107 statutow\u0105 Stowarzyszenie mo\u017ce prowadzi\u0107 w zakresie okre\u015blonym w ust. 1 pkt 1)-11), 13), 14) i 18).\u00a0\u00a0\u00a0<\/li>\n\n\n\n<li>Decyzj\u0119 w zakresie prowadzenia danego dzia\u0142ania w formie odp\u0142atnej b\u0105d\u017a nieodp\u0142atnej podejmuje Zarz\u0105d w formie uchwa\u0142y.<\/li>\n\n\n\n<li>Prowadzona przez Stowarzyszenie odp\u0142atna dzia\u0142alno\u015b\u0107 statutowa podlega wyodr\u0119bnieniu w spos\u00f3b zapewniaj\u0105cy nale\u017cyt\u0105 identyfikacj\u0119 pod wzgl\u0119dem organizacyjnym i rachunkowym zgodnie z w\u0142a\u015bciwymi przepisami o rachunkowo\u015bci.<\/li>\n<\/ol>\n\n\n\n<p><strong>ROZDZIA\u0141 3<\/strong><br><strong>CZ\u0141ONKOWIE \u2013 PRAWA I OBOWI\u0104ZKI<\/strong><\/p>\n\n\n\n<p class=\"has-text-align-center\"><strong>\u00a7 9<\/strong><\/p>\n\n\n\n<ol class=\"wp-block-list\">\n<li>Cz\u0142onkami Stowarzyszenia mog\u0105 by\u0107 osoby fizyczne i osoby prawne \u2013 krajowe i zagraniczne, jednak\u017ce osoba prawna mo\u017ce by\u0107 jedynie cz\u0142onkiem wspieraj\u0105cym Stowarzyszenie.<\/li>\n\n\n\n<li>Osoba prawna dzia\u0142a w Stowarzyszeniu przez swojego przedstawiciela.<\/li>\n<\/ol>\n\n\n\n<p class=\"has-text-align-center\"><strong>\u00a7 10<\/strong><\/p>\n\n\n\n<p>Cz\u0142onkowie Stowarzyszenia dziel\u0105 si\u0119 na:<br>1) \u00a0zwyczajnych<br>2) \u00a0wspieraj\u0105cych<br>3) \u00a0honorowych <strong><br><\/strong><\/p>\n\n\n\n<p class=\"has-text-align-center\"><strong>\u00a7 11<\/strong><\/p>\n\n\n\n<ol class=\"wp-block-list\">\n<li>Cz\u0142onkiem zwyczajnym mo\u017ce zosta\u0107 osoba, kt\u00f3ra: posiada pe\u0142n\u0105 zdolno\u015b\u0107 do czynno\u015bci prawnych, nie jest pozbawiona praw publicznych, akceptuje cele Stowarzyszenia i jego statut, przed\u0142o\u017cy deklaracj\u0119 cz\u0142onkowsk\u0105 [wed\u0142ug wzoru ustalonego przez zarz\u0105d] oraz ui\u015bci sk\u0142adk\u0119 cz\u0142onkowsk\u0105.<\/li>\n\n\n\n<li>Cudzoziemiec, niezale\u017cnie od miejsca zamieszkania mo\u017ce by\u0107 cz\u0142onkiem Stowarzyszenia na zasadach og\u00f3lnych.<\/li>\n\n\n\n<li>Przyj\u0119cia nowych cz\u0142onk\u00f3w zwyczajnych lub odmowy ich przyj\u0119cia dokonuje uchwa\u0142\u0105 zarz\u0105d. W przypadku odmowy przyj\u0119cia w poczet cz\u0142onk\u00f3w zwyczajnych zarz\u0105d dokonuje zwrotu uiszczonej sk\u0142adki cz\u0142onkowskiej.<\/li>\n<\/ol>\n\n\n\n<p class=\"has-text-align-center\"><strong>\u00a7 12<\/strong><\/p>\n\n\n\n<p>Cz\u0142onkowie zwyczajni maj\u0105 prawo:<\/p>\n\n\n\n<ol class=\"wp-block-list\">\n<li>uczestniczy\u0107 w walnych zebraniach z prawem g\u0142osu oraz biernym i czynnym prawem wyborczym,<\/li>\n\n\n\n<li>zg\u0142asza\u0107 wnioski do w\u0142adz Stowarzyszenia, a tak\u017ce ocenia\u0107 ich dzia\u0142alno\u015b\u0107,<\/li>\n\n\n\n<li>zg\u0142asza\u0107 projekty uchwa\u0142 (grupaco najmniej15 cz\u0142onk\u00f3w zwyczajnych),<\/li>\n\n\n\n<li>uzyskiwa\u0107 informacje od w\u0142adz Stowarzyszenia w sprawach dotycz\u0105cych ich dzia\u0142alno\u015bci,<\/li>\n\n\n\n<li>bra\u0107 udzia\u0142 w przedsi\u0119wzi\u0119ciach podejmowanych przez Stowarzyszenie na zasadach okre\u015blonych przez zarz\u0105d.<\/li>\n<\/ol>\n\n\n\n<p class=\"has-text-align-center\"><strong>\u00a7 13<\/strong><\/p>\n\n\n\n<p>Do obowi\u0105zk\u00f3w cz\u0142onk\u00f3w zwyczajnych nale\u017c\u0105:<\/p>\n\n\n\n<ol class=\"wp-block-list\">\n<li>aktywne uczestniczenie w dzia\u0142alno\u015bci &#8211; organizacyjnej (logistycznej) i merytorycznej Stowarzyszenia,<\/li>\n\n\n\n<li>przestrzeganie postanowie\u0144 statutu, regulamin\u00f3w oraz uchwa\u0142 w\u0142adz Stowarzyszenia,<\/li>\n\n\n\n<li>troska o rozw\u00f3j Stowarzyszenia i dzia\u0142anie na jego rzecz,<\/li>\n\n\n\n<li>uczestniczenie w walnych zebraniach, posiedzeniach innych organ\u00f3w oraz cia\u0142 opiniodawczo-doradczych je\u015bli dana osoba jest jego cz\u0142onkiem,<\/li>\n\n\n\n<li>regularne op\u0142acanie sk\u0142adek cz\u0142onkowskich,<\/li>\n\n\n\n<li>dbanie o mienie i dobre imi\u0119 Stowarzyszenia.<\/li>\n<\/ol>\n\n\n\n<p class=\"has-text-align-center\"><strong>\u00a7 14<\/strong><\/p>\n\n\n\n<ol class=\"wp-block-list\">\n<li>Cz\u0142onkiem wspieraj\u0105cym mo\u017ce zosta\u0107 osoba fizyczna i osoba prawna deklaruj\u0105ca pomoc finansow\u0105, rzeczow\u0105 lub merytoryczn\u0105 w realizacji cel\u00f3w Stowarzyszenia.<\/li>\n\n\n\n<li>Przyj\u0119cia cz\u0142onk\u00f3w wspieraj\u0105cych lub odmowy ich przyj\u0119cia dokonuje uchwa\u0142\u0105 zarz\u0105d.\u00a0<\/li>\n\n\n\n<li>Cz\u0142onkowie wspieraj\u0105cy maj\u0105 prawo osobi\u015bcie lub przez przedstawiciela uczestniczy\u0107 w\u00a0dzia\u0142alno\u015bci Stowarzyszenia z g\u0142osem doradczym oraz zg\u0142asza\u0107 w\u0142adzom Stowarzyszenia wnioski i postulaty dotycz\u0105ce podejmowanych przez Stowarzyszenie dzia\u0142a\u0144. Cz\u0142onkowie wspieraj\u0105cy nie posiadaj\u0105 czynnego i biernego prawa wyborczego. Cz\u0142onkowie wspieraj\u0105cy mog\u0105 uczestniczy\u0107 w obradach Walnego Zebrania z g\u0142osem doradczym.<\/li>\n\n\n\n<li>Cz\u0142onek wspieraj\u0105cy jest zobowi\u0105zany do regularnego wywi\u0105zywania si\u0119 z zadeklarowanych \u015bwiadcze\u0144 oraz przestrzegania statutu i uchwa\u0142 w\u0142adz Stowarzyszenia.<\/li>\n<\/ol>\n\n\n\n<p class=\"has-text-align-center\"><strong>\u00a7 15<\/strong><\/p>\n\n\n\n<ol class=\"wp-block-list\">\n<li>Cz\u0142onkiem honorowym mo\u017ce by\u0107 osoba fizyczna niezale\u017cnie od obywatelstwa, kt\u00f3ra wnios\u0142a wybitny wk\u0142ad w dzia\u0142alno\u015b\u0107 i rozw\u00f3j Stowarzyszenia lub szczeg\u00f3lnie zas\u0142u\u017cona w realizacji cel\u00f3w, dla kt\u00f3rych zosta\u0142o powo\u0142ane Stowarzyszenie.<\/li>\n\n\n\n<li>Godno\u015b\u0107 cz\u0142onka honorowego nadaje Walne Zebranie na wniosek Zarz\u0105du. Cz\u0142onkowie honorowi maj\u0105 wszelkie prawa cz\u0142onk\u00f3w zwyczajnych z wyj\u0105tkiem czynnego i biernego prawa wyborczego.<\/li>\n\n\n\n<li>Cz\u0142onkowie honorowi mog\u0105 uczestniczy\u0107 w obradach Walnego Zebrania z g\u0142osem doradczym.<\/li>\n\n\n\n<li>Cz\u0142onkowie honorowi zwolnieni s\u0105 z op\u0142acania sk\u0142adek cz\u0142onkowskich.<\/li>\n<\/ol>\n\n\n\n<p class=\"has-text-align-center\"><strong>\u00a7 16<\/strong><\/p>\n\n\n\n<ol class=\"wp-block-list\">\n<li>Cz\u0142onkostwo w Stowarzyszeniu ustaje na skutek:\u00a0<\/li>\n\n\n\n<li>dobrowolnej rezygnacji z przynale\u017cno\u015bci do Stowarzyszenia, zg\u0142oszonej na pi\u015bmie Zarz\u0105dowi,<\/li>\n\n\n\n<li>\u015bmierci cz\u0142onka, utraty zdolno\u015bci do czynno\u015bci prawnych lub utraty osobowo\u015bci prawnej (<em>w przypadku os\u00f3b prawnych<\/em>),<\/li>\n\n\n\n<li>wykluczenia przez Zarz\u0105d w przypadku:<\/li>\n\n\n\n<li>dzia\u0142ania na szkod\u0119 Stowarzyszenia,<\/li>\n\n\n\n<li>ra\u017c\u0105cego naruszenia postanowie\u0144 statutu, uchwa\u0142 w\u0142adz i\/lub regulamin\u00f3w wewn\u0119-trznych obowi\u0105zuj\u0105cych w Stowarzyszeniu,<\/li>\n\n\n\n<li>nieanga\u017cowania si\u0119 w bie\u017c\u0105c\u0105 dzia\u0142alno\u015b\u0107 Stowarzyszenia w tym w szczeg\u00f3lno\u015bci nieusprawiedliwione nieuczestniczenie w posiedzeniach w\u0142adz Stowarzyszenialub powtarzaj\u0105ce si\u0119 nieusprawiedliwione nieuczestniczenie w zaj\u0119ciach merytorycznych,<\/li>\n\n\n\n<li>nieusprawiedliwionego zalegania z op\u0142at\u0105 sk\u0142adek cz\u0142onkowskich przez okres co najmniej 3 miesi\u0119cy.<\/li>\n\n\n\n<li>Stwierdzenie ustania cz\u0142onkostwa, w przypadkach, o kt\u00f3rych mowa\u00a0 ust. 1 pkt 3) nast\u0119puje na podstawie uchwa\u0142y zarz\u0105du. W przypadkach, o kt\u00f3rych mowa w ust. 1 pkt 1) i 2) ustanie cz\u0142onkostwa nast\u0119puje na mocy zapis\u00f3w statutowych i nie wymagapodejmowania przez zarz\u0105d w tym przedmiocie uchwa\u0142 oraz czynno\u015bci informacyjnych.\u00a0\u00a0\u00a0\u00a0<\/li>\n\n\n\n<li>Od uchwa\u0142 zarz\u0105du o stwierdzeniu ustania cz\u0142onkostwa, w przypadku o kt\u00f3rym mowa w ust. 1 pkt 3) lit. a), b) i c) przys\u0142uguje cz\u0142onkom odwo\u0142anie do Walnego Zebrania w terminie 7 dni od dnia dor\u0119czenia uchwa\u0142y &#8211; dor\u0119czenie uchwa\u0142y mo\u017ce nast\u0105pi\u0107 za pomoc\u0105 poczty elektronicznej. Odwo\u0142anie sk\u0142ada si\u0119 pisemnie za po\u015brednictwem zarz\u0105du. Odwo\u0142anie jest rozpatrywane na najbli\u017cszym zwyczajnym Walnym Zebraniu. Uchwa\u0142a Walnego Zebrania jest ostateczna.<\/li>\n<\/ol>\n\n\n\n<p class=\"has-text-align-center\"><strong>\u00a7 17<\/strong><\/p>\n\n\n\n<ol class=\"wp-block-list\">\n<li>Cz\u0142onkowie Stowarzyszenia za wzorowe wykonywanie swoich obowi\u0105zk\u00f3w oraz aktywny udzia\u0142 w dzia\u0142alno\u015bci Stowarzyszenia mog\u0105 by\u0107 wyr\u00f3\u017cnieni lub nagradzani przez Zarz\u0105d Stowarzyszenia: pochwa\u0142\u0105 ustn\u0105 lub pisemn\u0105, dyplomem uznania, nagrod\u0105 rzeczow\u0105 lub pieni\u0119\u017cn\u0105.<\/li>\n\n\n\n<li>Stowarzyszenie mo\u017ce ustanawia\u0107 odznaki, statuetki itp. i przyznawa\u0107 je osobom fizycznym oraz prawnym zas\u0142u\u017conym dla Stowarzyszenia<\/li>\n<\/ol>\n\n\n\n<p><strong>ROZDZIA\u0141 4<\/strong><br><strong>W\u0141ADZE STOWARZYSZENIA<\/strong><\/p>\n\n\n\n<p class=\"has-text-align-center\"><strong>\u00a7 18<\/strong><\/p>\n\n\n\n<p>W\u0142adzami Stowarzyszenia s\u0105:<br>1) Walne Zebranie;<br>2) Zarz\u0105d;<br>3) Komisja Rewizyjna.<\/p>\n\n\n\n<p class=\"has-text-align-center\"><strong>\u00a7 19<\/strong><\/p>\n\n\n\n<ol class=\"wp-block-list\">\n<li>Kadencja w\u0142adz Stowarzyszenia trwa 5 lat, a ich wyb\u00f3r odbywa si\u0119 w g\u0142osowaniu jawnym zwyk\u0142\u0105 wi\u0119kszo\u015bci\u0105 g\u0142os\u00f3w. Walne Zebranie mo\u017ce zdecydowa\u0107 o przeprowadzeniu g\u0142osowania tajnego.<\/li>\n\n\n\n<li>W przypadku zmniejszenia si\u0119 liczby pochodz\u0105cych z wyboru cz\u0142onk\u00f3w w\u0142adz w trakcie trwania<br>kadencji, w\u0142adzom tym przys\u0142uguje prawo kooptacji spo\u015br\u00f3d cz\u0142onk\u00f3w Stowarzyszenia, pod warunkiem, \u017ce liczba dokooptowanych cz\u0142onk\u00f3w w\u0142adz nie przekroczy 1\/2 liczby cz\u0142onk\u00f3w pochodz\u0105cych z wyboru w danym roku kalendarzowym.\u00a0 W przeciwnym razie, Zarz\u0105d zwo\u0142uje Walne Zebranie w celu odbycia wybor\u00f3w uzupe\u0142niaj\u0105cych.<\/li>\n\n\n\n<li>Zarz\u0105d mo\u017ce zrezygnowa\u0107 z uprawnienia wynikaj\u0105cego z ust. 2. W takim przypadku Zarz\u0105d zwo\u0142uje Walne Zebranie w celu odbycia wybor\u00f3w uzupe\u0142niaj\u0105cych.<\/li>\n\n\n\n<li>Mandat cz\u0142onka powo\u0142anego w trybie okre\u015blonym w ust. 2 wygasa wraz z up\u0142ywem kadencji pozosta\u0142ych cz\u0142onk\u00f3w danego organu.<\/li>\n\n\n\n<li>Nie mo\u017cna \u0142\u0105czy\u0107 funkcji cz\u0142onka Zarz\u0105du i Komisji Rewizyjnej.<\/li>\n<\/ol>\n\n\n\n<p><strong>WALNE ZEBRANIE<\/strong><\/p>\n\n\n\n<p class=\"has-text-align-center\"><strong>\u00a7 20<\/strong><\/p>\n\n\n\n<ol class=\"wp-block-list\">\n<li>Najwy\u017csz\u0105 w\u0142adz\u0105 Stowarzyszenia jest Walne Zebranie. Walne Zebranie mo\u017ce by\u0107 zwyczajne lub nadzwyczajne.<\/li>\n\n\n\n<li>Zwyczajne Walne Zebranie zwo\u0142ywane jest przez Zarz\u0105d raz w roku, jako sprawozdawcze<br>i raz na pi\u0119\u0107 lat jako sprawozdawczo \u2013 wyborcze. Nadzwyczajne Walne Zebranie zwo\u0142ywane jest zgodnie z \u00a7 21.<\/li>\n\n\n\n<li>O terminie, miejscu i porz\u0105dku obrad zwyczajnego i nadzwyczajnego Walnego Zebrania Zarz\u0105d zawiadamia cz\u0142onk\u00f3w zwyczajnych na 7 dni przed planowanym terminem obrad. Zawiadomienie nast\u0119puje wedle wyboru zarz\u0105du w co najmniej jednej z wymienionych, og\u00f3lnie dost\u0119pnych form komunikacji: poprzez zamieszczenie og\u0142oszenia na stronie internetowej UTW, za pomoc\u0105 poczty elektronicznej, poprzez wywieszenie na tablicy og\u0142osze\u0144, wiadomo\u015b\u0107 SMS, og\u0142oszenie podczas wyk\u0142ad\u00f3w, osobi\u015bcie albo w inny skuteczny spos\u00f3b ustalony w regulaminie walnego zebrania.\u00a0\u00a0<\/li>\n\n\n\n<li>Uchwa\u0142y Walnego Zebrania \u2013 w pierwszym terminie podejmowane s\u0105 w g\u0142osowaniu jawnym, zwyk\u0142\u0105 wi\u0119kszo\u015bci\u0105 g\u0142os\u00f3w, przy obecno\u015bci co najmniej po\u0142owy cz\u0142onk\u00f3w uprawnionych do g\u0142osowania, a w drugim terminie bez wzgl\u0119du na liczb\u0119 obecnych cz\u0142onk\u00f3w. Drugi termin posiedzenia Walnego Zebrania jest dopuszczalny w tym samym dniu \u2013 15 minut po zako\u0144czeniu Walnego Zebrania w pierwszym terminie, pod warunkiem, i\u017c zosta\u0142 zaplanowany w zawiadomieniu o Walnym Zebraniu.<\/li>\n\n\n\n<li>W przypadku r\u00f3wnego roz\u0142o\u017cenia g\u0142os\u00f3w w trakcie g\u0142osowania, decyduje g\u0142os przewodnicz\u0105cego Walnego Zebrania.<\/li>\n<\/ol>\n\n\n\n<p class=\"has-text-align-center\"><strong>\u00a7 21<\/strong><\/p>\n\n\n\n<ol class=\"wp-block-list\">\n<li>Nadzwyczajne Walne Zebranie zwo\u0142ywane jest:<\/li>\n\n\n\n<li>z inicjatywy w\u0142asnej Zarz\u0105du,<\/li>\n\n\n\n<li>na wniosek Komisji Rewizyjnej,<\/li>\n\n\n\n<li>na wniosek co najmniej 1\/3 og\u00f3lnej liczby cz\u0142onk\u00f3w zwyczajnych,<\/li>\n\n\n\n<li>W przypadku z\u0142o\u017cenia wniosku o zwo\u0142anie nadzwyczajnego Walnego Zebrania &#8211; Zarz\u0105d ma obowi\u0105zek zwo\u0142a\u0107 takie zebranie w terminie do 21 dni od daty wp\u0142yni\u0119cia wniosku. Zasady okre\u015blone \u00a7 20 ust. 3 stosuje si\u0119 odpowiednio.<\/li>\n<\/ol>\n\n\n\n<p class=\"has-text-align-center\"><strong>\u00a7 22<\/strong><\/p>\n\n\n\n<p>W Walnym Zebraniu bior\u0105 udzia\u0142:<\/p>\n\n\n\n<ol class=\"wp-block-list\">\n<li>z g\u0142osem stanowi\u0105cym &#8211; cz\u0142onkowie zwyczajni,<\/li>\n\n\n\n<li>z g\u0142osem doradczym &#8211; cz\u0142onkowie wspieraj\u0105cy i honorowi oraz zaproszeni przez Zarz\u0105d go\u015bcie.<\/li>\n<\/ol>\n\n\n\n<p class=\"has-text-align-center\"><strong>\u00a7 23<\/strong><\/p>\n\n\n\n<p>Do kompetencji Walnego Zebrania nale\u017cy:<\/p>\n\n\n\n<ol class=\"wp-block-list\">\n<li>okre\u015blenie g\u0142\u00f3wnych kierunk\u00f3w i program\u00f3w dzia\u0142ania Stowarzyszenia,<\/li>\n\n\n\n<li>uchwalanie statutu i jego zmian,<\/li>\n\n\n\n<li>podj\u0119cie uchwa\u0142y o rozwi\u0105zaniu Stowarzyszenia, wyznaczeniu likwidatora lub likwidator\u00f3w oraz przeznaczeniu maj\u0105tku Stowarzyszenia,<\/li>\n\n\n\n<li>wyb\u00f3r Prezesa Stowarzyszenia<\/li>\n\n\n\n<li>wyb\u00f3r i odwo\u0142anie cz\u0142onk\u00f3w Zarz\u0105du i Komisji Rewizyjnej,<\/li>\n\n\n\n<li>rozpatrywanie i zatwierdzanie sprawozda\u0144 rocznych w\u0142adz Stowarzyszenia,<\/li>\n\n\n\n<li>podejmowanie uchwa\u0142 w sprawie nadania oraz pozbawienia godno\u015bci cz\u0142onka honorowego,<\/li>\n\n\n\n<li>rozpatrywanie odwo\u0142a\u0144 od uchwa\u0142 Zarz\u0105du w sprawach cz\u0142onkowskich wskazanych w statucie,\u00a0\u00a0<\/li>\n\n\n\n<li>uchwalenie Regulaminu Walnego Zebrania,<\/li>\n\n\n\n<li>podejmowanie uchwa\u0142 w sprawach nie zastrze\u017conych do kompetencji innych w\u0142adz.<\/li>\n<\/ol>\n\n\n\n<p><strong>ZARZ\u0104D<\/strong><\/p>\n\n\n\n<p class=\"has-text-align-center\"><strong>\u00a7 24<\/strong><\/p>\n\n\n\n<p>Zarz\u0105d kieruje ca\u0142okszta\u0142tem dzia\u0142alno\u015bci Stowarzyszenia zgodnie z uchwa\u0142ami Walnego Zebrania, reprezentuje go na zewn\u0105trz i ponosi odpowiedzialno\u015b\u0107 za swoj\u0105 prac\u0119 przed Walnym Zebraniem.<\/p>\n\n\n\n<p class=\"has-text-align-center\"><strong>\u00a7 25<\/strong><\/p>\n\n\n\n<ol class=\"wp-block-list\">\n<li>Zarz\u0105d sk\u0142ada si\u0119 z 5-7 cz\u0142onk\u00f3w.<\/li>\n\n\n\n<li>Zarz\u0105d na pierwszym posiedzeniu wybiera ze swojego gronawiceprezes\u00f3w, skarbnika<br>i sekretarza.<\/li>\n\n\n\n<li>Zarz\u0105d zbiera si\u0119 w miar\u0119 potrzeb nie rzadziej jednak ni\u017c raz na kwarta\u0142.<\/li>\n\n\n\n<li>Pierwsze posiedzenie Zarz\u0105du powinno by\u0107 zwo\u0142ane najp\u00f3\u017aniej w ci\u0105gu 7 dni od dnia wybor\u00f3w.<\/li>\n\n\n\n<li>Posiedzenia Zarz\u0105du zwo\u0142uje prezes lub wiceprezes z w\u0142asnej inicjatywy, na wniosek 1\/3 sk\u0142adu Zarz\u0105du lub wniosek Komisji Rewizyjnej. W przypadku wniosku, o kt\u00f3rym mowa w zdaniu pierwszym posiedzenie Zarz\u0105du powinno zosta\u0107 zwo\u0142ane niezw\u0142ocznie, nie p\u00f3\u017aniej jednak ni\u017c w ci\u0105gu 21 dni od dnia zg\u0142oszenia wniosku. Posiedzeniom Zarz\u0105du przewodniczy prezes, a w przypadku jego nieobecno\u015bci wiceprezes. Zasady okre\u015blone w \u00a7 20 ust. 3 stosuje si\u0119 odpowiednio, przy czym termin zawiadomienia wynosi 3 dni przed planowanym terminem obrad.<\/li>\n\n\n\n<li>Posiedzenia Zarz\u0105du protoko\u0142uje sekretarz b\u0105d\u017a inny cz\u0142onek Zarz\u0105du wskazany przez prezesa. Posiedzenia Zarz\u0105du mo\u017ce protoko\u0142owa\u0107 osoba, kt\u00f3ra nie jest cz\u0142onkiem Zarz\u0105du.<\/li>\n\n\n\n<li>Cz\u0142onkowie Zarz\u0105du nie mog\u0105 by\u0107 skazani prawomocnym wyrokiem za przest\u0119pstwo umy\u015blne \u015bcigane z oskar\u017cenia publicznego lub przest\u0119pstwo skarbowe.<\/li>\n\n\n\n<li>Uchwa\u0142y Zarz\u0105du podejmowane s\u0105 w g\u0142osowaniu jawnym, zwyk\u0142\u0105 wi\u0119kszo\u015bci\u0105 g\u0142os\u00f3w, przy obecno\u015bci co najmniej po\u0142owy og\u00f3lnej liczby cz\u0142onk\u00f3w Zarz\u0105du (<em>quorum<\/em>). W sytuacji r\u00f3wnego roz\u0142o\u017cenia g\u0142os\u00f3w decyduje g\u0142os przewodnicz\u0105cego obrad.<\/li>\n\n\n\n<li>Szczeg\u00f3\u0142owe zasady funkcjonowania Zarz\u0105du uchwalone zostan\u0105 w regulaminie Zarz\u0105du.<\/li>\n<\/ol>\n\n\n\n<p class=\"has-text-align-center\"><strong>\u00a7 26<\/strong><\/p>\n\n\n\n<p>&nbsp;Do kompetencji Zarz\u0105du nale\u017cy:<\/p>\n\n\n\n<ol class=\"wp-block-list\">\n<li>reprezentowanie Stowarzyszenia na zewn\u0105trz oraz dzia\u0142anie w jego imieniu,<\/li>\n\n\n\n<li>realizowanie uchwa\u0142 Walnego Zebrania oraz okre\u015blanie szczeg\u00f3\u0142owych kierunk\u00f3w dzia\u0142ania Stowarzyszenia w tym\u00a0 okresowe plany dzia\u0142alno\u015bci merytorycznej i finansowej,<\/li>\n\n\n\n<li>kierowanie ca\u0142okszta\u0142tem bie\u017c\u0105cej dzia\u0142alno\u015bci Stowarzyszenia,<\/li>\n\n\n\n<li>zarz\u0105dzanie maj\u0105tkiem Stowarzyszenia,<\/li>\n\n\n\n<li>przygotowanie bud\u017cetu, planowanie i prowadzenie gospodarki finansowej,<\/li>\n\n\n\n<li>sporz\u0105dzanie corocznego sprawozdania merytorycznego i finansowego z dzia\u0142alno\u015bci Stowarzyszenia,<\/li>\n\n\n\n<li>utworzenie biura Stowarzyszenia oraz zatrudnianie personelu,<\/li>\n\n\n\n<li>uchwalanie regulamin\u00f3w wewn\u0119trznych zwi\u0105zanych z funkcjonowaniem Stowarzyszenia,<\/li>\n\n\n\n<li>uchwalanie Regulaminu Zarz\u0105du;<\/li>\n\n\n\n<li>powo\u0142ywanie Rady Programowej, komisji, sekcji i zespo\u0142\u00f3w,<\/li>\n\n\n\n<li>podejmowanie decyzji w sprawie nabycia lub zbycia element\u00f3w maj\u0105tku nieruchomego<br>\u00a0i ruchomego,<\/li>\n\n\n\n<li>podejmowanie decyzji w sprawie rejestracji dzia\u0142alno\u015bci gospodarczej,<\/li>\n\n\n\n<li>prowadzenie dzia\u0142alno\u015bci gospodarczej,<\/li>\n\n\n\n<li>podj\u0119cie decyzji w zakresie rejestracji Stowarzyszenia jako organizacji po\u017cytku publicznego,<\/li>\n\n\n\n<li>uchwalenie wysoko\u015bci sk\u0142adki cz\u0142onkowskiej,<\/li>\n\n\n\n<li>uchwalenie wysoko\u015bci wpisowego oraz innych op\u0142at zwi\u0105zanych z dzia\u0142alno\u015bci\u0105 Stowarzyszenia,<\/li>\n\n\n\n<li>uchwalenie zasad regulowania sk\u0142adek cz\u0142onkowskich oraz przyznawania ulg oraz zwolnie\u0144,<\/li>\n\n\n\n<li>przyjmowanie i wykluczanie cz\u0142onk\u00f3w Stowarzyszenia,<\/li>\n\n\n\n<li>podejmowanie uchwa\u0142 w sprawie przyst\u0105pienia Stowarzyszenia do innych organizacji,<\/li>\n\n\n\n<li>przyznawanie wyr\u00f3\u017cnie\u0144, pochwa\u0142, dyplom\u00f3w i nagr\u00f3d,<\/li>\n\n\n\n<li>wnioskowanie o nadanie i pozbawienie godno\u015bci cz\u0142onka honorowego,<\/li>\n\n\n\n<li>rozpatrywanie wniosk\u00f3w zg\u0142aszanych przez cz\u0142onk\u00f3w Stowarzyszenia.<\/li>\n\n\n\n<li>podejmowanie decyzji w sprawie utworzenia i\/lub przyst\u0105pienia\/wyst\u0105pienia\u00a0 Stowarzyszenia do\/ze sp\u00f3\u0142dzielni socjalnej.\u00a0<\/li>\n<\/ol>\n\n\n\n<p class=\"has-text-align-center\"><strong>\u00a7&nbsp; 27<\/strong><\/p>\n\n\n\n<ol class=\"wp-block-list\">\n<li>Do reprezentowania Stowarzyszenia w tym w szczeg\u00f3lno\u015bci do zaci\u0105gania zobowi\u0105za\u0144 maj\u0105tkowych, podpisywania um\u00f3w i udzielania pe\u0142nomocnictw w imieniu stowarzyszenia uprawnieni s\u0105 dwaj cz\u0142onkowie zarz\u0105du dzia\u0142aj\u0105cy \u0142\u0105cznie.<\/li>\n\n\n\n<li>W umowach pomi\u0119dzy Stowarzyszeniem a cz\u0142onkiem Zarz\u0105du oraz w sporach z nim, Stowarzyszenie reprezentuje cz\u0142onek komisji rewizyjnej wskazany w uchwale tego organu lub pe\u0142nomocnik powo\u0142any uchwa\u0142\u0105 walnego zebrania.<\/li>\n\n\n\n<li>Walne Zebranie jest organem uprawnionym do powo\u0142ania pe\u0142nomocnika\/pe\u0142nomocnik\u00f3w do reprezentowania Stowarzyszenia w umowach mi\u0119dzy Stowarzyszeniem a cz\u0142onkiem zarz\u0105du oraz w sporach mi\u0119dzy Stowarzyszeniem a cz\u0142onkiem zarz\u0105du.<\/li>\n\n\n\n<li>Komisja Rewizyjna jest organem uprawnionym do wyznaczenia swojego przedstawiciela\u00a0 do reprezentowania Stowarzyszenia w umowach mi\u0119dzy Stowarzyszeniem a cz\u0142onkiem zarz\u0105du oraz w sporach mi\u0119dzy Stowarzyszeniem a cz\u0142onkiem Zarz\u0105du.<\/li>\n\n\n\n<li>Zarz\u0105d Stowarzyszenia uprawniony jest do ustanowienia pe\u0142nomocnika\/pe\u0142nomocnik\u00f3w zarz\u0105du. Uchwa\u0142a w sprawie ustanowienia pe\u0142nomocnika okre\u015bla przedmiot umocowania, z zastrze\u017ceniem ust. 3 i 4.<\/li>\n<\/ol>\n\n\n\n<p><strong>KOMISJA REWIZYJNA<\/strong><\/p>\n\n\n\n<p class=\"has-text-align-center\"><strong>\u00a7 28<\/strong><\/p>\n\n\n\n<ol class=\"wp-block-list\">\n<li>Komisja Rewizyjna jest organem powo\u0142anym do sprawowania kontroli nad dzia\u0142alno\u015bci\u0105 Stowarzyszenia.<\/li>\n\n\n\n<li>Komisja Rewizyjna sk\u0142ada si\u0119 z 3 cz\u0142onk\u00f3w, kt\u00f3rzy wybieraj\u0105 spo\u015br\u00f3d siebie przewodnicz\u0105cego, zast\u0119pc\u0119 przewodnicz\u0105cego i sekretarza.<\/li>\n\n\n\n<li>Cz\u0142onkowie Komisji Rewizyjnej:<\/li>\n\n\n\n<li>nie mog\u0105 by\u0107 cz\u0142onkami zarz\u0105du ani pozostawa\u0107 z nimi w zwi\u0105zku ma\u0142\u017ce\u0144skim, we\u00a0\u00a0\u00a0 wsp\u00f3lnym po\u017cyciu, stosunku pokrewie\u0144stwa, powinowactwa lub podleg\u0142o\u015bci s\u0142u\u017cbowej,<\/li>\n\n\n\n<li>nie mog\u0105 by\u0107 skazani prawomocnym wyrokiem za przest\u0119pstwo umy\u015blne \u015bcigane<br>z oskar\u017cenia publicznego lub przest\u0119pstwo skarbowe.<\/li>\n\n\n\n<li>Posiedzenia Komisji Rewizyjnej odbywaj\u0105 si\u0119 w miar\u0119 potrzeb nie rzadziej jednak ni\u017c raz w roku.<\/li>\n\n\n\n<li>Posiedzenia Komisji Rewizyjnej zwo\u0142uje przewodnicz\u0105cy z w\u0142asnej inicjatywy, na wniosek 1\/3 sk\u0142adu Komisji Rewizyjnej lub wniosek Zarz\u0105du. W przypadku wniosku, o kt\u00f3rym mowa w zdaniu pierwszym posiedzenie Komisji Rewizyjnej powinno zosta\u0107 zwo\u0142ane niezw\u0142ocznie, nie p\u00f3\u017aniej jednak ni\u017c w ci\u0105gu 21 dni od dnia zg\u0142oszenia wniosku. Zasady okre\u015blone w \u00a7 20 ust. 3 stosuje si\u0119 odpowiednio, przy czym termin zawiadomienia wynosi 3 dni przed planowanym terminem obrad. W przypadku niezwo\u0142ania posiedzenia Komisji Rewizyjnej przez przewodnicz\u0105cego, posiedzenie mo\u017ce zwo\u0142a\u0107 kt\u00f3rykolwiek z pozosta\u0142ych cz\u0142onk\u00f3w Komisji Rewizyjnej.<\/li>\n\n\n\n<li>Cz\u0142onkowie Komisji Rewizyjnej mog\u0105 bra\u0107 udzia\u0142 w posiedzeniach Zarz\u0105du z g\u0142osem doradczym. Zarz\u0105d ma obowi\u0105zek powiadomienia cz\u0142onk\u00f3w Komisji o ka\u017cdym posiedzeniu.<\/li>\n\n\n\n<li>Komisja Rewizyjna ma prawo \u017c\u0105dania od Zarz\u0105du z\u0142o\u017cenia wyja\u015bnie\u0144 dotycz\u0105cych<br>kontrolowanych spraw. Zarz\u0105d jest zobowi\u0105zany do udzielenia odpowiedzi na zapytania Komisji Rewizyjnej w terminie do 30 dni.<\/li>\n\n\n\n<li>Uchwa\u0142y Komisji Rewizyjnej podejmowane s\u0105 w g\u0142osowaniu jawnym, zwyk\u0142\u0105 wi\u0119kszo\u015bci\u0105 g\u0142os\u00f3w, przy obecno\u015bci co najmniej po\u0142owy og\u00f3lnej liczby cz\u0142onk\u00f3w Komisji Rewizyjnej (quorum). W sytuacji r\u00f3wnego roz\u0142o\u017cenia g\u0142os\u00f3w decyduje g\u0142os przewodnicz\u0105cego obrad.<\/li>\n\n\n\n<li>Szczeg\u00f3\u0142owe zasady funkcjonowania Komisji Rewizyjnej uregulowane zostan\u0105, w uchwalonym przez ten organ, regulaminie Komisji Rewizyjnej.<\/li>\n<\/ol>\n\n\n\n<p class=\"has-text-align-center\"><strong>\u00a7 29<\/strong><\/p>\n\n\n\n<p>Do kompetencji Komisji Rewizyjnej nale\u017cy:<\/p>\n\n\n\n<ol class=\"wp-block-list\">\n<li>kontrola ca\u0142okszta\u0142tu dzia\u0142alno\u015bci Stowarzyszenia,<\/li>\n\n\n\n<li>wydawanie zalece\u0144 oraz \u017c\u0105danie wyja\u015bnie\u0144 w razie stwierdzenia nieprawid\u0142owo\u015bci w trakcie kontroli,<\/li>\n\n\n\n<li>ocena pracy Zarz\u0105du, w tym corocznych sprawozda\u0144: merytorycznego i finansowego,<\/li>\n\n\n\n<li>opracowywanie regulaminu Komisji Rewizyjnej,<\/li>\n\n\n\n<li>kontrola terminowo\u015bci i prawid\u0142owo\u015bci op\u0142acania sk\u0142adek cz\u0142onkowskich,<\/li>\n\n\n\n<li>wnioskowanie o odwo\u0142anie Zarz\u0105du lub poszczeg\u00f3lnych cz\u0142onk\u00f3w Zarz\u0105du w razie jego bezczynno\u015bci,<\/li>\n\n\n\n<li>zwo\u0142ywanie Walnego Zebrania w przypadku niewywi\u0105zywania si\u0119 przez Zarz\u0105d z obowi\u0105zku okre\u015blonego w \u00a7 20 ust. 2 lub 21 ust. 2,<\/li>\n\n\n\n<li>wnioskowanie o zwo\u0142anie nadzwyczajnego Walnego Zebrania,<\/li>\n\n\n\n<li>przedstawienie Walnemu Zebraniu uwag i wniosk\u00f3w oraz zalece\u0144 pokontrolnych dotycz\u0105cych dzia\u0142alno\u015bci statutowej i finansowej Stowarzyszenia,<\/li>\n\n\n\n<li>sk\u0142adanie sprawozda\u0144 ze swej dzia\u0142alno\u015bci na Walnym Zebraniu.<\/li>\n<\/ol>\n\n\n\n<p><strong>ROZDZIA\u0141 5<\/strong><br><strong>MAJ\u0104TEK I GOSPODARKA FINANSOWA<\/strong><\/p>\n\n\n\n<p class=\"has-text-align-center\"><strong>\u00a7 30<\/strong><\/p>\n\n\n\n<ol class=\"wp-block-list\">\n<li>\u0179r\u00f3d\u0142ami maj\u0105tku Stowarzyszenia s\u0105:<\/li>\n\n\n\n<li>sk\u0142adki cz\u0142onkowskie, wpisowe oraz inne op\u0142aty zwi\u0105zane z dzia\u0142alno\u015bci\u0105 Stowarzyszenia,<\/li>\n\n\n\n<li>\u00a0darowizny, zapisy i spadki, \u015brodki pochodz\u0105ce z ofiarno\u015bci prywatnej, ze sponsoringu, zbi\u00f3rek publicznych,<\/li>\n\n\n\n<li>dotacje, subwencje, udzia\u0142y, kontrakty, \u015brodki z funduszy publicznych, granty, zlecenia us\u0142ug,<\/li>\n\n\n\n<li>wp\u0142ywy z dzia\u0142alno\u015bci statutowej Stowarzyszenia, w tym z odp\u0142atnej dzia\u0142alno\u015bci statutowej<br>i dzia\u0142alno\u015bci gospodarczej;<\/li>\n\n\n\n<li>dochody z maj\u0105tku Stowarzyszenia, dochody z kapita\u0142u (<em>odsetki, lokaty, akcje<\/em>), dochody<br>z nieruchomo\u015bci i ruchomo\u015bci b\u0119d\u0105cych w\u0142asno\u015bci\u0105 lub w u\u017cytkowaniu Stowarzyszenia.<\/li>\n\n\n\n<li>Stowarzyszenie mo\u017ce prowadzi\u0107 dzia\u0142alno\u015b\u0107 gospodarcz\u0105 wed\u0142ug og\u00f3lnych zasad okre\u015blonych w odr\u0119bnych przepisach. Decyzj\u0119 o rozpocz\u0119ciu dzia\u0142alno\u015bci gospodarczej i jej zakresie podejmuje uchwa\u0142\u0105 Walne Zebranie.<\/li>\n\n\n\n<li>Dzia\u0142alno\u015b\u0107 gospodarcza prowadzona przez Stowarzyszenie mo\u017ce mie\u0107 wy\u0142\u0105cznie charakter dodatkowy w stosunku do dzia\u0142alno\u015bci po\u017cytku publicznego.<\/li>\n\n\n\n<li>Dzia\u0142alno\u015b\u0107 gospodarcza prowadzona przez Stowarzyszenie mo\u017ce by\u0107 prowadzona wy\u0142\u0105cznie w rozmiarach s\u0142u\u017c\u0105cych realizacji jego cel\u00f3w statutowych.<\/li>\n\n\n\n<li>Doch\u00f3d Stowarzyszenia jest w ca\u0142o\u015bci przeznaczany na dzia\u0142alno\u015b\u0107 po\u017cytku publicznego Stowarzyszenia i nie mo\u017ce by\u0107 przeznaczony do podzia\u0142u pomi\u0119dzy jego cz\u0142onk\u00f3w.<\/li>\n<\/ol>\n\n\n\n<p class=\"has-text-align-center\"><strong>\u00a7 31<\/strong><\/p>\n\n\n\n<ol class=\"wp-block-list\">\n<li>Stowarzyszenie prowadzi gospodark\u0119 finansow\u0105 oraz rachunkowo\u015b\u0107 zgodnie z obowi\u0105zuj\u0105cymi przepisami.<\/li>\n\n\n\n<li>Rokiem obrachunkowym jest rok kalendarzowy.\u00a0\u00a0\u00a0\u00a0\u00a0\u00a0\u00a0\u00a0\u00a0\u00a0\u00a0\u00a0\u00a0\u00a0\u00a0\u00a0\u00a0\u00a0\u00a0\u00a0\u00a0<\/li>\n\n\n\n<li>Wszelkie \u015brodki pieni\u0119\u017cne przechowywane s\u0105 na rachunku bankowym Stowarzyszenia. Dopuszczalne jest wprowadzenie w Stowarzyszeniu obrotu got\u00f3wkowego (kasy).<\/li>\n\n\n\n<li>Stowarzyszenie nie przyjmuje p\u0142atno\u015bci w got\u00f3wce o warto\u015bci r\u00f3wnej lub przekraczaj\u0105cej r\u00f3wnowarto\u015b\u0107 kwoty okre\u015blonej w przepisach o przeciwdzia\u0142aniu praniu pieni\u0119dzy oraz finansowaniu terroryzmu &#8211; r\u00f3wnie\u017c w drodze wi\u0119cej ni\u017c jednej operacji.<\/li>\n<\/ol>\n\n\n\n<p><strong>ROZDZIA\u0141 6<\/strong><br><strong>POSTANOWIENIA KO\u0143COWE<\/strong><\/p>\n\n\n\n<p class=\"has-text-align-center\"><strong>\u00a7 32<\/strong><\/p>\n\n\n\n<ol class=\"wp-block-list\">\n<li>Uchwa\u0142\u0119 w sprawie zmiany statutu Stowarzyszenia podejmuje Walne Zebranie wi\u0119kszo\u015bci\u0105 2\/3 g\u0142os\u00f3w, w obecno\u015bci przynajmniej po\u0142owy cz\u0142onk\u00f3w uprawnionych do g\u0142osowania &#8211;\u00a0 \u00a7 20 ust. 4 w zakresie \u201edrugiego terminu\u201d stosuje si\u0119 odpowiednio.<\/li>\n\n\n\n<li>Uchwa\u0142\u0119 w sprawie rozwi\u0105zania Stowarzyszenia podejmuje Walne Zebranie wi\u0119kszo\u015bci\u0105 2\/3 g\u0142os\u00f3w w obecno\u015bci przynajmniej po\u0142owy cz\u0142onk\u00f3w uprawnionych do g\u0142osowania \u2013<br>\u00a7 20 ust. 4 w zakresie \u201edrugiego terminu\u201d stosuje si\u0119 odpowiednio.<\/li>\n\n\n\n<li>Uchwa\u0142a o rozwi\u0105zaniu Stowarzyszenia powinna okre\u015bla\u0107 spos\u00f3b likwidacji, osob\u0119 b\u0105d\u017a osoby likwidator\u00f3w oraz cel, na jaki nast\u0105pi przekazanie jego maj\u0105tku.<\/li>\n<\/ol>\n\n\n\n<p>Podpisy<\/p>\n\n\n\n<figure class=\"wp-block-table\"><table class=\"has-fixed-layout\"><tbody><tr><td><strong>Przewodnicz\u0105cy Walnego Zebrania<\/strong><\/td><td><strong>Sekretarz Walnego Zebrania<\/strong><\/td><\/tr><tr><td>&nbsp; &nbsp;<\/td><td>&nbsp;<\/td><\/tr><\/tbody><\/table><\/figure>\n\n\n\n<p><\/p>\n\n\n\n<p class=\"has-text-align-center\">Statut stowarzyszenia Uniwersytetu Trzeciego Wieku w \u015awi\u0119toch\u0142owicach PDF &#8211; <strong><a href=\"http:\/\/xonit.eu\/utwswce\/wp-content\/uploads\/2025\/05\/statut_utw_swietochlowice.pdf\">pobierz<\/a><\/strong><\/p>\n","protected":false},"excerpt":{"rendered":"<div class=\"mh-excerpt\"><p>STATUT stowarzyszenia Uniwersytet Trzeciego Wiekuw \u015awi\u0119toch\u0142owicach&nbsp; ROZDZIA\u0141 1POSTANOWIENIA OG\u00d3LNE \u00a7 1 \u00a7 2 Stowarzyszenie jest stowarzyszeniem zarejestrowanym, posiadaj\u0105cym osobowo\u015b\u0107 prawn\u0105. \u00a7 3 \u00a7 4 Stowarzyszenie <a class=\"mh-excerpt-more\" href=\"http:\/\/xonit.eu\/utwswce\/statut-utw-2\/\" title=\"Statut UTW\">[&#8230;]<\/a><\/p>\n<\/div>","protected":false},"author":1,"featured_media":0,"parent":0,"menu_order":0,"comment_status":"closed","ping_status":"closed","template":"","meta":{"_vp_format_video_url":"","_vp_image_focal_point":[],"footnotes":""},"class_list":["post-4530","page","type-page","status-publish","hentry"],"_links":{"self":[{"href":"http:\/\/xonit.eu\/utwswce\/wp-json\/wp\/v2\/pages\/4530","targetHints":{"allow":["GET"]}}],"collection":[{"href":"http:\/\/xonit.eu\/utwswce\/wp-json\/wp\/v2\/pages"}],"about":[{"href":"http:\/\/xonit.eu\/utwswce\/wp-json\/wp\/v2\/types\/page"}],"author":[{"embeddable":true,"href":"http:\/\/xonit.eu\/utwswce\/wp-json\/wp\/v2\/users\/1"}],"replies":[{"embeddable":true,"href":"http:\/\/xonit.eu\/utwswce\/wp-json\/wp\/v2\/comments?post=4530"}],"version-history":[{"count":3,"href":"http:\/\/xonit.eu\/utwswce\/wp-json\/wp\/v2\/pages\/4530\/revisions"}],"predecessor-version":[{"id":4535,"href":"http:\/\/xonit.eu\/utwswce\/wp-json\/wp\/v2\/pages\/4530\/revisions\/4535"}],"wp:attachment":[{"href":"http:\/\/xonit.eu\/utwswce\/wp-json\/wp\/v2\/media?parent=4530"}],"curies":[{"name":"wp","href":"https:\/\/api.w.org\/{rel}","templated":true}]}}